{"id":1145,"date":"2022-02-17T20:18:35","date_gmt":"2022-02-17T20:18:35","guid":{"rendered":"https:\/\/www.casaruralelmoli.com\/galeria\/"},"modified":"2024-05-15T16:58:10","modified_gmt":"2024-05-15T16:58:10","slug":"galeria","status":"publish","type":"page","link":"https:\/\/www.casaruralelmoli.com\/ca\/galeria\/","title":{"rendered":"Galeria"},"content":{"rendered":"\t\t<div data-elementor-type=\"wp-page\" data-elementor-id=\"1145\" class=\"elementor elementor-1145\" data-elementor-post-type=\"page\">\n\t\t\t\t\t\t<section class=\"elementor-section elementor-top-section elementor-element elementor-element-1ddbfdb5 elementor-section-full_width elementor-section-height-default elementor-section-height-default\" data-id=\"1ddbfdb5\" data-element_type=\"section\">\n\t\t\t\t\t\t<div class=\"elementor-container elementor-column-gap-default\">\n\t\t\t\t\t<div class=\"elementor-column elementor-col-50 elementor-top-column elementor-element elementor-element-2a2cd8d8\" data-id=\"2a2cd8d8\" data-element_type=\"column\" data-settings=\"{&quot;background_background&quot;:&quot;classic&quot;}\">\n\t\t\t<div class=\"elementor-widget-wrap elementor-element-populated\">\n\t\t\t\t\t\t<section class=\"elementor-section elementor-inner-section elementor-element elementor-element-793e1ab4 thmv-inner-container thmv-inner-right elementor-section-boxed elementor-section-height-default elementor-section-height-default\" data-id=\"793e1ab4\" data-element_type=\"section\">\n\t\t\t\t\t\t<div class=\"elementor-container elementor-column-gap-no\">\n\t\t\t\t\t<div class=\"elementor-column elementor-col-100 elementor-inner-column elementor-element elementor-element-b529bf6 thmv-flex-right\" data-id=\"b529bf6\" data-element_type=\"column\">\n\t\t\t<div class=\"elementor-widget-wrap elementor-element-populated\">\n\t\t\t\t\t\t<div class=\"elementor-element elementor-element-4bd9153c elementor-view-default elementor-widget elementor-widget-themo-header\" data-id=\"4bd9153c\" data-element_type=\"widget\" data-widget_type=\"themo-header.default\">\n\t\t\t\t<div class=\"elementor-widget-container\">\n\t\t\t\t\t<div class=\"th-header-wrap\">\n        <div class=\"elementor-icon-box-wrapper \">\n                            <div class=\"elementor-icon-box-content\">\n                    <h2 class=\"elementor-icon-box-title\">\n                        Galeria de fotos                    <\/h2>\n                                        <p class=\"elementor-icon-box-description\">Explora la nostra col\u00b7lecci\u00f3 de fotos i comen\u00e7a a planificar la teva propera aventura amb nosaltres.<\/p>\n\n                                    <\/div>\n            <\/div>\n\n        <\/div>\n\n\t\t\t\t<\/div>\n\t\t\t\t<\/div>\n\t\t\t\t\t<\/div>\n\t\t<\/div>\n\t\t\t\t\t<\/div>\n\t\t<\/section>\n\t\t\t\t\t<\/div>\n\t\t<\/div>\n\t\t\t\t<div class=\"elementor-column elementor-col-50 elementor-top-column elementor-element elementor-element-3c00666c\" data-id=\"3c00666c\" data-element_type=\"column\" data-settings=\"{&quot;background_background&quot;:&quot;classic&quot;}\">\n\t\t\t<div class=\"elementor-widget-wrap elementor-element-populated\">\n\t\t\t\t\t\t<div class=\"elementor-element elementor-element-3acfe097 elementor-widget elementor-widget-spacer\" data-id=\"3acfe097\" data-element_type=\"widget\" data-widget_type=\"spacer.default\">\n\t\t\t\t<div class=\"elementor-widget-container\">\n\t\t\t<style>\/*! elementor - v3.19.0 - 28-02-2024 *\/\n.elementor-column .elementor-spacer-inner{height:var(--spacer-size)}.e-con{--container-widget-width:100%}.e-con-inner>.elementor-widget-spacer,.e-con>.elementor-widget-spacer{width:var(--container-widget-width,var(--spacer-size));--align-self:var(--container-widget-align-self,initial);--flex-shrink:0}.e-con-inner>.elementor-widget-spacer>.elementor-widget-container,.e-con>.elementor-widget-spacer>.elementor-widget-container{height:100%;width:100%}.e-con-inner>.elementor-widget-spacer>.elementor-widget-container>.elementor-spacer,.e-con>.elementor-widget-spacer>.elementor-widget-container>.elementor-spacer{height:100%}.e-con-inner>.elementor-widget-spacer>.elementor-widget-container>.elementor-spacer>.elementor-spacer-inner,.e-con>.elementor-widget-spacer>.elementor-widget-container>.elementor-spacer>.elementor-spacer-inner{height:var(--container-widget-height,var(--spacer-size))}.e-con-inner>.elementor-widget-spacer.elementor-widget-empty,.e-con>.elementor-widget-spacer.elementor-widget-empty{position:relative;min-height:22px;min-width:22px}.e-con-inner>.elementor-widget-spacer.elementor-widget-empty .elementor-widget-empty-icon,.e-con>.elementor-widget-spacer.elementor-widget-empty .elementor-widget-empty-icon{position:absolute;top:0;bottom:0;left:0;right:0;margin:auto;padding:0;width:22px;height:22px}<\/style>\t\t<div class=\"elementor-spacer\">\n\t\t\t<div class=\"elementor-spacer-inner\"><\/div>\n\t\t<\/div>\n\t\t\t\t<\/div>\n\t\t\t\t<\/div>\n\t\t\t\t\t<\/div>\n\t\t<\/div>\n\t\t\t\t\t<\/div>\n\t\t<\/section>\n\t\t\t\t<section class=\"elementor-section elementor-top-section elementor-element elementor-element-d7a58e2 elementor-section-boxed elementor-section-height-default elementor-section-height-default\" data-id=\"d7a58e2\" data-element_type=\"section\">\n\t\t\t\t\t\t<div class=\"elementor-container elementor-column-gap-default\">\n\t\t\t\t\t<div class=\"elementor-column elementor-col-100 elementor-top-column elementor-element elementor-element-ef6d3f4\" data-id=\"ef6d3f4\" data-element_type=\"column\">\n\t\t\t<div class=\"elementor-widget-wrap elementor-element-populated\">\n\t\t\t\t\t\t<div class=\"elementor-element elementor-element-b62610e elementor-view-default elementor-position-top elementor-widget elementor-widget-themo-header\" data-id=\"b62610e\" data-element_type=\"widget\" data-widget_type=\"themo-header.default\">\n\t\t\t\t<div class=\"elementor-widget-container\">\n\t\t\t\t\t<div class=\"th-header-wrap\">\n        <div class=\"elementor-icon-box-wrapper \">\n                            <div class=\"elementor-icon-box-content\">\n                    <h4 class=\"elementor-icon-box-title\">\n                        Mol\u00ed de Montany\u00e0                    <\/h4>\n                                        <p class=\"elementor-icon-box-description\"><\/p>\n\n                                    <\/div>\n            <\/div>\n\n        <\/div>\n\n\t\t\t\t<\/div>\n\t\t\t\t<\/div>\n\t\t\t\t<div class=\"elementor-element elementor-element-785110e elementor-view-default elementor-position-top elementor-widget elementor-widget-themo-header\" data-id=\"785110e\" data-element_type=\"widget\" data-widget_type=\"themo-header.default\">\n\t\t\t\t<div class=\"elementor-widget-container\">\n\t\t\t\t\t<div class=\"th-header-wrap\">\n        <div class=\"elementor-icon-box-wrapper \">\n                            <div class=\"elementor-icon-box-content\">\n                    <h3 class=\"elementor-icon-box-title\">\n                        Galeria exteriors:                    <\/h3>\n                                        <p class=\"elementor-icon-box-description\"><\/p>\n\n                                    <\/div>\n            <\/div>\n\n        <\/div>\n\n\t\t\t\t<\/div>\n\t\t\t\t<\/div>\n\t\t\t\t<div class=\"elementor-element elementor-element-0763aaa elementor-widget elementor-widget-themo-image-gallery\" data-id=\"0763aaa\" data-element_type=\"widget\" data-widget_type=\"themo-image-gallery.default\">\n\t\t\t\t<div class=\"elementor-widget-container\">\n\t\t\t\t\t<div class=\"elementor-image-gallery th-image-stretch\">\n\t\t\t<div class=\"gallery gallery-1145-1\"><div class=\"row gallery-row\"><div class=\"col-sm-3 col-lg-3\"><a data-toggle=\"lightbox\" data-gallery=\"multiimages\" data-title=\"\"  class=\"thumbnail img-thumbnail\" href='https:\/\/www.casaruralelmoli.com\/wp-content\/uploads\/2024\/05\/img-07-exterior-casa-moli-de-montanya.jpg'><img fetchpriority=\"high\" decoding=\"async\" width=\"394\" height=\"394\" src=\"https:\/\/www.casaruralelmoli.com\/wp-content\/uploads\/2024\/05\/img-07-exterior-casa-moli-de-montanya-394x394.jpg\" class=\"attachment-th_img_sm_square size-th_img_sm_square\" alt=\"\" srcset=\"https:\/\/www.casaruralelmoli.com\/wp-content\/uploads\/2024\/05\/img-07-exterior-casa-moli-de-montanya-394x394.jpg 394w, https:\/\/www.casaruralelmoli.com\/wp-content\/uploads\/2024\/05\/img-07-exterior-casa-moli-de-montanya-300x300.jpg 300w, https:\/\/www.casaruralelmoli.com\/wp-content\/uploads\/2024\/05\/img-07-exterior-casa-moli-de-montanya-150x150.jpg 150w, https:\/\/www.casaruralelmoli.com\/wp-content\/uploads\/2024\/05\/img-07-exterior-casa-moli-de-montanya-768x768.jpg 768w, https:\/\/www.casaruralelmoli.com\/wp-content\/uploads\/2024\/05\/img-07-exterior-casa-moli-de-montanya-80x80.jpg 80w, https:\/\/www.casaruralelmoli.com\/wp-content\/uploads\/2024\/05\/img-07-exterior-casa-moli-de-montanya-303x303.jpg 303w, https:\/\/www.casaruralelmoli.com\/wp-content\/uploads\/2024\/05\/img-07-exterior-casa-moli-de-montanya-605x605.jpg 605w, https:\/\/www.casaruralelmoli.com\/wp-content\/uploads\/2024\/05\/img-07-exterior-casa-moli-de-montanya-700x700.jpg 700w, https:\/\/www.casaruralelmoli.com\/wp-content\/uploads\/2024\/05\/img-07-exterior-casa-moli-de-montanya-100x100.jpg 100w, https:\/\/www.casaruralelmoli.com\/wp-content\/uploads\/2024\/05\/img-07-exterior-casa-moli-de-montanya.jpg 800w\" sizes=\"(max-width: 394px) 100vw, 394px\" \/><\/a><div class=\"gallery-text\"><div class=\"image-title\">img-07-exterior-casa-moli-de-montanya<\/div><\/div><\/div><div class=\"col-sm-3 col-lg-3\"><a data-toggle=\"lightbox\" data-gallery=\"multiimages\" data-title=\"\"  class=\"thumbnail img-thumbnail\" href='https:\/\/www.casaruralelmoli.com\/wp-content\/uploads\/2024\/05\/img-09-exterior-casa-moli-de-montanya.jpg'><img decoding=\"async\" width=\"394\" height=\"394\" src=\"https:\/\/www.casaruralelmoli.com\/wp-content\/uploads\/2024\/05\/img-09-exterior-casa-moli-de-montanya-394x394.jpg\" class=\"attachment-th_img_sm_square size-th_img_sm_square\" alt=\"\" srcset=\"https:\/\/www.casaruralelmoli.com\/wp-content\/uploads\/2024\/05\/img-09-exterior-casa-moli-de-montanya-394x394.jpg 394w, https:\/\/www.casaruralelmoli.com\/wp-content\/uploads\/2024\/05\/img-09-exterior-casa-moli-de-montanya-300x300.jpg 300w, https:\/\/www.casaruralelmoli.com\/wp-content\/uploads\/2024\/05\/img-09-exterior-casa-moli-de-montanya-150x150.jpg 150w, https:\/\/www.casaruralelmoli.com\/wp-content\/uploads\/2024\/05\/img-09-exterior-casa-moli-de-montanya-768x768.jpg 768w, https:\/\/www.casaruralelmoli.com\/wp-content\/uploads\/2024\/05\/img-09-exterior-casa-moli-de-montanya-80x80.jpg 80w, https:\/\/www.casaruralelmoli.com\/wp-content\/uploads\/2024\/05\/img-09-exterior-casa-moli-de-montanya-303x303.jpg 303w, https:\/\/www.casaruralelmoli.com\/wp-content\/uploads\/2024\/05\/img-09-exterior-casa-moli-de-montanya-605x605.jpg 605w, https:\/\/www.casaruralelmoli.com\/wp-content\/uploads\/2024\/05\/img-09-exterior-casa-moli-de-montanya-700x700.jpg 700w, https:\/\/www.casaruralelmoli.com\/wp-content\/uploads\/2024\/05\/img-09-exterior-casa-moli-de-montanya-100x100.jpg 100w, https:\/\/www.casaruralelmoli.com\/wp-content\/uploads\/2024\/05\/img-09-exterior-casa-moli-de-montanya.jpg 800w\" sizes=\"(max-width: 394px) 100vw, 394px\" \/><\/a><div class=\"gallery-text\"><div class=\"image-title\">img-09-exterior-casa-moli-de-montanya<\/div><\/div><\/div><div class=\"col-sm-3 col-lg-3\"><a data-toggle=\"lightbox\" data-gallery=\"multiimages\" data-title=\"\"  class=\"thumbnail img-thumbnail\" href='https:\/\/www.casaruralelmoli.com\/wp-content\/uploads\/2024\/05\/img-05-exterior-casa-moli-de-montanya.jpg'><img decoding=\"async\" width=\"394\" height=\"394\" src=\"https:\/\/www.casaruralelmoli.com\/wp-content\/uploads\/2024\/05\/img-05-exterior-casa-moli-de-montanya-394x394.jpg\" class=\"attachment-th_img_sm_square size-th_img_sm_square\" alt=\"\" srcset=\"https:\/\/www.casaruralelmoli.com\/wp-content\/uploads\/2024\/05\/img-05-exterior-casa-moli-de-montanya-394x394.jpg 394w, https:\/\/www.casaruralelmoli.com\/wp-content\/uploads\/2024\/05\/img-05-exterior-casa-moli-de-montanya-300x300.jpg 300w, https:\/\/www.casaruralelmoli.com\/wp-content\/uploads\/2024\/05\/img-05-exterior-casa-moli-de-montanya-150x150.jpg 150w, https:\/\/www.casaruralelmoli.com\/wp-content\/uploads\/2024\/05\/img-05-exterior-casa-moli-de-montanya-768x768.jpg 768w, https:\/\/www.casaruralelmoli.com\/wp-content\/uploads\/2024\/05\/img-05-exterior-casa-moli-de-montanya-80x80.jpg 80w, https:\/\/www.casaruralelmoli.com\/wp-content\/uploads\/2024\/05\/img-05-exterior-casa-moli-de-montanya-303x303.jpg 303w, https:\/\/www.casaruralelmoli.com\/wp-content\/uploads\/2024\/05\/img-05-exterior-casa-moli-de-montanya-605x605.jpg 605w, https:\/\/www.casaruralelmoli.com\/wp-content\/uploads\/2024\/05\/img-05-exterior-casa-moli-de-montanya-700x700.jpg 700w, https:\/\/www.casaruralelmoli.com\/wp-content\/uploads\/2024\/05\/img-05-exterior-casa-moli-de-montanya-100x100.jpg 100w, https:\/\/www.casaruralelmoli.com\/wp-content\/uploads\/2024\/05\/img-05-exterior-casa-moli-de-montanya.jpg 800w\" sizes=\"(max-width: 394px) 100vw, 394px\" \/><\/a><div class=\"gallery-text\"><div class=\"image-title\">img-05-exterior-casa-moli-de-montanya<\/div><\/div><\/div><div class=\"col-sm-3 col-lg-3\"><a data-toggle=\"lightbox\" data-gallery=\"multiimages\" data-title=\"\"  class=\"thumbnail img-thumbnail\" href='https:\/\/www.casaruralelmoli.com\/wp-content\/uploads\/2024\/05\/img-06-exterior-casa-moli-de-montanya.jpg'><img loading=\"lazy\" decoding=\"async\" width=\"394\" height=\"394\" src=\"https:\/\/www.casaruralelmoli.com\/wp-content\/uploads\/2024\/05\/img-06-exterior-casa-moli-de-montanya-394x394.jpg\" class=\"attachment-th_img_sm_square size-th_img_sm_square\" alt=\"\" srcset=\"https:\/\/www.casaruralelmoli.com\/wp-content\/uploads\/2024\/05\/img-06-exterior-casa-moli-de-montanya-394x394.jpg 394w, https:\/\/www.casaruralelmoli.com\/wp-content\/uploads\/2024\/05\/img-06-exterior-casa-moli-de-montanya-300x300.jpg 300w, https:\/\/www.casaruralelmoli.com\/wp-content\/uploads\/2024\/05\/img-06-exterior-casa-moli-de-montanya-150x150.jpg 150w, https:\/\/www.casaruralelmoli.com\/wp-content\/uploads\/2024\/05\/img-06-exterior-casa-moli-de-montanya-768x768.jpg 768w, https:\/\/www.casaruralelmoli.com\/wp-content\/uploads\/2024\/05\/img-06-exterior-casa-moli-de-montanya-80x80.jpg 80w, https:\/\/www.casaruralelmoli.com\/wp-content\/uploads\/2024\/05\/img-06-exterior-casa-moli-de-montanya-303x303.jpg 303w, https:\/\/www.casaruralelmoli.com\/wp-content\/uploads\/2024\/05\/img-06-exterior-casa-moli-de-montanya-605x605.jpg 605w, https:\/\/www.casaruralelmoli.com\/wp-content\/uploads\/2024\/05\/img-06-exterior-casa-moli-de-montanya-700x700.jpg 700w, https:\/\/www.casaruralelmoli.com\/wp-content\/uploads\/2024\/05\/img-06-exterior-casa-moli-de-montanya-100x100.jpg 100w, https:\/\/www.casaruralelmoli.com\/wp-content\/uploads\/2024\/05\/img-06-exterior-casa-moli-de-montanya.jpg 800w\" sizes=\"(max-width: 394px) 100vw, 394px\" \/><\/a><div class=\"gallery-text\"><div class=\"image-title\">img-06-exterior-casa-moli-de-montanya<\/div><\/div><\/div><\/div><div class=\"row gallery-row\"><div class=\"col-sm-3 col-lg-3\"><a data-toggle=\"lightbox\" data-gallery=\"multiimages\" data-title=\"\"  class=\"thumbnail img-thumbnail\" href='https:\/\/www.casaruralelmoli.com\/wp-content\/uploads\/2024\/05\/img-11-exterior-casa-moli-de-montanya-1.jpg'><img loading=\"lazy\" decoding=\"async\" width=\"394\" height=\"394\" src=\"https:\/\/www.casaruralelmoli.com\/wp-content\/uploads\/2024\/05\/img-11-exterior-casa-moli-de-montanya-1-394x394.jpg\" class=\"attachment-th_img_sm_square size-th_img_sm_square\" alt=\"\" srcset=\"https:\/\/www.casaruralelmoli.com\/wp-content\/uploads\/2024\/05\/img-11-exterior-casa-moli-de-montanya-1-394x394.jpg 394w, https:\/\/www.casaruralelmoli.com\/wp-content\/uploads\/2024\/05\/img-11-exterior-casa-moli-de-montanya-1-300x300.jpg 300w, https:\/\/www.casaruralelmoli.com\/wp-content\/uploads\/2024\/05\/img-11-exterior-casa-moli-de-montanya-1-150x150.jpg 150w, https:\/\/www.casaruralelmoli.com\/wp-content\/uploads\/2024\/05\/img-11-exterior-casa-moli-de-montanya-1-768x768.jpg 768w, https:\/\/www.casaruralelmoli.com\/wp-content\/uploads\/2024\/05\/img-11-exterior-casa-moli-de-montanya-1-80x80.jpg 80w, https:\/\/www.casaruralelmoli.com\/wp-content\/uploads\/2024\/05\/img-11-exterior-casa-moli-de-montanya-1-303x303.jpg 303w, https:\/\/www.casaruralelmoli.com\/wp-content\/uploads\/2024\/05\/img-11-exterior-casa-moli-de-montanya-1-605x605.jpg 605w, https:\/\/www.casaruralelmoli.com\/wp-content\/uploads\/2024\/05\/img-11-exterior-casa-moli-de-montanya-1-700x700.jpg 700w, https:\/\/www.casaruralelmoli.com\/wp-content\/uploads\/2024\/05\/img-11-exterior-casa-moli-de-montanya-1-100x100.jpg 100w, https:\/\/www.casaruralelmoli.com\/wp-content\/uploads\/2024\/05\/img-11-exterior-casa-moli-de-montanya-1.jpg 800w\" sizes=\"(max-width: 394px) 100vw, 394px\" \/><\/a><div class=\"gallery-text\"><div class=\"image-title\">img-11-exterior-casa-moli-de-montanya<\/div><\/div><\/div><div class=\"col-sm-3 col-lg-3\"><a data-toggle=\"lightbox\" data-gallery=\"multiimages\" data-title=\"\"  class=\"thumbnail img-thumbnail\" href='https:\/\/www.casaruralelmoli.com\/wp-content\/uploads\/2024\/05\/img-10-exterior-casa-moli-de-montanya-1.jpg'><img loading=\"lazy\" decoding=\"async\" width=\"394\" height=\"394\" src=\"https:\/\/www.casaruralelmoli.com\/wp-content\/uploads\/2024\/05\/img-10-exterior-casa-moli-de-montanya-1-394x394.jpg\" class=\"attachment-th_img_sm_square size-th_img_sm_square\" alt=\"\" srcset=\"https:\/\/www.casaruralelmoli.com\/wp-content\/uploads\/2024\/05\/img-10-exterior-casa-moli-de-montanya-1-394x394.jpg 394w, https:\/\/www.casaruralelmoli.com\/wp-content\/uploads\/2024\/05\/img-10-exterior-casa-moli-de-montanya-1-300x300.jpg 300w, https:\/\/www.casaruralelmoli.com\/wp-content\/uploads\/2024\/05\/img-10-exterior-casa-moli-de-montanya-1-150x150.jpg 150w, https:\/\/www.casaruralelmoli.com\/wp-content\/uploads\/2024\/05\/img-10-exterior-casa-moli-de-montanya-1-768x768.jpg 768w, https:\/\/www.casaruralelmoli.com\/wp-content\/uploads\/2024\/05\/img-10-exterior-casa-moli-de-montanya-1-80x80.jpg 80w, https:\/\/www.casaruralelmoli.com\/wp-content\/uploads\/2024\/05\/img-10-exterior-casa-moli-de-montanya-1-303x303.jpg 303w, https:\/\/www.casaruralelmoli.com\/wp-content\/uploads\/2024\/05\/img-10-exterior-casa-moli-de-montanya-1-605x605.jpg 605w, https:\/\/www.casaruralelmoli.com\/wp-content\/uploads\/2024\/05\/img-10-exterior-casa-moli-de-montanya-1-700x700.jpg 700w, https:\/\/www.casaruralelmoli.com\/wp-content\/uploads\/2024\/05\/img-10-exterior-casa-moli-de-montanya-1-100x100.jpg 100w, https:\/\/www.casaruralelmoli.com\/wp-content\/uploads\/2024\/05\/img-10-exterior-casa-moli-de-montanya-1.jpg 800w\" sizes=\"(max-width: 394px) 100vw, 394px\" \/><\/a><div class=\"gallery-text\"><div class=\"image-title\">img-10-exterior-casa-moli-de-montanya<\/div><\/div><\/div><div class=\"col-sm-3 col-lg-3\"><a data-toggle=\"lightbox\" data-gallery=\"multiimages\" data-title=\"\"  class=\"thumbnail img-thumbnail\" href='https:\/\/www.casaruralelmoli.com\/wp-content\/uploads\/2024\/05\/img-02-exterior-casa-moli-de-montanya.jpg'><img loading=\"lazy\" decoding=\"async\" width=\"394\" height=\"394\" src=\"https:\/\/www.casaruralelmoli.com\/wp-content\/uploads\/2024\/05\/img-02-exterior-casa-moli-de-montanya-394x394.jpg\" class=\"attachment-th_img_sm_square size-th_img_sm_square\" alt=\"\" srcset=\"https:\/\/www.casaruralelmoli.com\/wp-content\/uploads\/2024\/05\/img-02-exterior-casa-moli-de-montanya-394x394.jpg 394w, https:\/\/www.casaruralelmoli.com\/wp-content\/uploads\/2024\/05\/img-02-exterior-casa-moli-de-montanya-300x300.jpg 300w, https:\/\/www.casaruralelmoli.com\/wp-content\/uploads\/2024\/05\/img-02-exterior-casa-moli-de-montanya-150x150.jpg 150w, https:\/\/www.casaruralelmoli.com\/wp-content\/uploads\/2024\/05\/img-02-exterior-casa-moli-de-montanya-768x768.jpg 768w, https:\/\/www.casaruralelmoli.com\/wp-content\/uploads\/2024\/05\/img-02-exterior-casa-moli-de-montanya-80x80.jpg 80w, https:\/\/www.casaruralelmoli.com\/wp-content\/uploads\/2024\/05\/img-02-exterior-casa-moli-de-montanya-303x303.jpg 303w, https:\/\/www.casaruralelmoli.com\/wp-content\/uploads\/2024\/05\/img-02-exterior-casa-moli-de-montanya-605x605.jpg 605w, https:\/\/www.casaruralelmoli.com\/wp-content\/uploads\/2024\/05\/img-02-exterior-casa-moli-de-montanya-700x700.jpg 700w, https:\/\/www.casaruralelmoli.com\/wp-content\/uploads\/2024\/05\/img-02-exterior-casa-moli-de-montanya-100x100.jpg 100w, https:\/\/www.casaruralelmoli.com\/wp-content\/uploads\/2024\/05\/img-02-exterior-casa-moli-de-montanya.jpg 800w\" sizes=\"(max-width: 394px) 100vw, 394px\" \/><\/a><div class=\"gallery-text\"><div class=\"image-title\">img-02-exterior-casa-moli-de-montanya<\/div><\/div><\/div><div class=\"col-sm-3 col-lg-3\"><a data-toggle=\"lightbox\" data-gallery=\"multiimages\" data-title=\"\"  class=\"thumbnail img-thumbnail\" href='https:\/\/www.casaruralelmoli.com\/wp-content\/uploads\/2024\/05\/img-03-exterior-casa-moli-de-montanya.jpg'><img loading=\"lazy\" decoding=\"async\" width=\"394\" height=\"394\" src=\"https:\/\/www.casaruralelmoli.com\/wp-content\/uploads\/2024\/05\/img-03-exterior-casa-moli-de-montanya-394x394.jpg\" class=\"attachment-th_img_sm_square size-th_img_sm_square\" alt=\"\" srcset=\"https:\/\/www.casaruralelmoli.com\/wp-content\/uploads\/2024\/05\/img-03-exterior-casa-moli-de-montanya-394x394.jpg 394w, https:\/\/www.casaruralelmoli.com\/wp-content\/uploads\/2024\/05\/img-03-exterior-casa-moli-de-montanya-300x300.jpg 300w, https:\/\/www.casaruralelmoli.com\/wp-content\/uploads\/2024\/05\/img-03-exterior-casa-moli-de-montanya-150x150.jpg 150w, https:\/\/www.casaruralelmoli.com\/wp-content\/uploads\/2024\/05\/img-03-exterior-casa-moli-de-montanya-768x768.jpg 768w, https:\/\/www.casaruralelmoli.com\/wp-content\/uploads\/2024\/05\/img-03-exterior-casa-moli-de-montanya-80x80.jpg 80w, https:\/\/www.casaruralelmoli.com\/wp-content\/uploads\/2024\/05\/img-03-exterior-casa-moli-de-montanya-303x303.jpg 303w, https:\/\/www.casaruralelmoli.com\/wp-content\/uploads\/2024\/05\/img-03-exterior-casa-moli-de-montanya-605x605.jpg 605w, https:\/\/www.casaruralelmoli.com\/wp-content\/uploads\/2024\/05\/img-03-exterior-casa-moli-de-montanya-700x700.jpg 700w, https:\/\/www.casaruralelmoli.com\/wp-content\/uploads\/2024\/05\/img-03-exterior-casa-moli-de-montanya-100x100.jpg 100w, https:\/\/www.casaruralelmoli.com\/wp-content\/uploads\/2024\/05\/img-03-exterior-casa-moli-de-montanya.jpg 800w\" sizes=\"(max-width: 394px) 100vw, 394px\" \/><\/a><div class=\"gallery-text\"><div class=\"image-title\">img-03-exterior-casa-moli-de-montanya<\/div><\/div><\/div><\/div><div class=\"row gallery-row\"><div class=\"col-sm-3 col-lg-3\"><a data-toggle=\"lightbox\" data-gallery=\"multiimages\" data-title=\"\"  class=\"thumbnail img-thumbnail\" href='https:\/\/www.casaruralelmoli.com\/wp-content\/uploads\/2024\/05\/img-01-exterior-casa-moli-de-montanya.jpg'><img loading=\"lazy\" decoding=\"async\" width=\"394\" height=\"394\" src=\"https:\/\/www.casaruralelmoli.com\/wp-content\/uploads\/2024\/05\/img-01-exterior-casa-moli-de-montanya-394x394.jpg\" class=\"attachment-th_img_sm_square size-th_img_sm_square\" alt=\"\" srcset=\"https:\/\/www.casaruralelmoli.com\/wp-content\/uploads\/2024\/05\/img-01-exterior-casa-moli-de-montanya-394x394.jpg 394w, https:\/\/www.casaruralelmoli.com\/wp-content\/uploads\/2024\/05\/img-01-exterior-casa-moli-de-montanya-300x300.jpg 300w, https:\/\/www.casaruralelmoli.com\/wp-content\/uploads\/2024\/05\/img-01-exterior-casa-moli-de-montanya-150x150.jpg 150w, https:\/\/www.casaruralelmoli.com\/wp-content\/uploads\/2024\/05\/img-01-exterior-casa-moli-de-montanya-768x768.jpg 768w, https:\/\/www.casaruralelmoli.com\/wp-content\/uploads\/2024\/05\/img-01-exterior-casa-moli-de-montanya-80x80.jpg 80w, https:\/\/www.casaruralelmoli.com\/wp-content\/uploads\/2024\/05\/img-01-exterior-casa-moli-de-montanya-303x303.jpg 303w, https:\/\/www.casaruralelmoli.com\/wp-content\/uploads\/2024\/05\/img-01-exterior-casa-moli-de-montanya-605x605.jpg 605w, https:\/\/www.casaruralelmoli.com\/wp-content\/uploads\/2024\/05\/img-01-exterior-casa-moli-de-montanya-700x700.jpg 700w, https:\/\/www.casaruralelmoli.com\/wp-content\/uploads\/2024\/05\/img-01-exterior-casa-moli-de-montanya-100x100.jpg 100w, https:\/\/www.casaruralelmoli.com\/wp-content\/uploads\/2024\/05\/img-01-exterior-casa-moli-de-montanya.jpg 800w\" sizes=\"(max-width: 394px) 100vw, 394px\" \/><\/a><div class=\"gallery-text\"><div class=\"image-title\">img-01-exterior-casa-moli-de-montanya<\/div><\/div><\/div><div class=\"col-sm-3 col-lg-3\"><a data-toggle=\"lightbox\" data-gallery=\"multiimages\" data-title=\"\"  class=\"thumbnail img-thumbnail\" href='https:\/\/www.casaruralelmoli.com\/wp-content\/uploads\/2024\/05\/img-00-exterior-casa-moli-de-montanya.jpg'><img loading=\"lazy\" decoding=\"async\" width=\"394\" height=\"394\" src=\"https:\/\/www.casaruralelmoli.com\/wp-content\/uploads\/2024\/05\/img-00-exterior-casa-moli-de-montanya-394x394.jpg\" class=\"attachment-th_img_sm_square size-th_img_sm_square\" alt=\"\" srcset=\"https:\/\/www.casaruralelmoli.com\/wp-content\/uploads\/2024\/05\/img-00-exterior-casa-moli-de-montanya-394x394.jpg 394w, https:\/\/www.casaruralelmoli.com\/wp-content\/uploads\/2024\/05\/img-00-exterior-casa-moli-de-montanya-300x300.jpg 300w, https:\/\/www.casaruralelmoli.com\/wp-content\/uploads\/2024\/05\/img-00-exterior-casa-moli-de-montanya-150x150.jpg 150w, https:\/\/www.casaruralelmoli.com\/wp-content\/uploads\/2024\/05\/img-00-exterior-casa-moli-de-montanya-768x768.jpg 768w, https:\/\/www.casaruralelmoli.com\/wp-content\/uploads\/2024\/05\/img-00-exterior-casa-moli-de-montanya-80x80.jpg 80w, https:\/\/www.casaruralelmoli.com\/wp-content\/uploads\/2024\/05\/img-00-exterior-casa-moli-de-montanya-303x303.jpg 303w, https:\/\/www.casaruralelmoli.com\/wp-content\/uploads\/2024\/05\/img-00-exterior-casa-moli-de-montanya-605x605.jpg 605w, https:\/\/www.casaruralelmoli.com\/wp-content\/uploads\/2024\/05\/img-00-exterior-casa-moli-de-montanya-700x700.jpg 700w, https:\/\/www.casaruralelmoli.com\/wp-content\/uploads\/2024\/05\/img-00-exterior-casa-moli-de-montanya-100x100.jpg 100w, https:\/\/www.casaruralelmoli.com\/wp-content\/uploads\/2024\/05\/img-00-exterior-casa-moli-de-montanya.jpg 800w\" sizes=\"(max-width: 394px) 100vw, 394px\" \/><\/a><div class=\"gallery-text\"><div class=\"image-title\">img-00-exterior-casa-moli-de-montanya<\/div><\/div><\/div><div class=\"col-sm-3 col-lg-3\"><a data-toggle=\"lightbox\" data-gallery=\"multiimages\" data-title=\"\"  class=\"thumbnail img-thumbnail\" href='https:\/\/www.casaruralelmoli.com\/wp-content\/uploads\/2024\/05\/img-04-exterior-casa-moli-de-montanya.jpg'><img loading=\"lazy\" decoding=\"async\" width=\"394\" height=\"394\" src=\"https:\/\/www.casaruralelmoli.com\/wp-content\/uploads\/2024\/05\/img-04-exterior-casa-moli-de-montanya-394x394.jpg\" class=\"attachment-th_img_sm_square size-th_img_sm_square\" alt=\"\" srcset=\"https:\/\/www.casaruralelmoli.com\/wp-content\/uploads\/2024\/05\/img-04-exterior-casa-moli-de-montanya-394x394.jpg 394w, https:\/\/www.casaruralelmoli.com\/wp-content\/uploads\/2024\/05\/img-04-exterior-casa-moli-de-montanya-300x300.jpg 300w, https:\/\/www.casaruralelmoli.com\/wp-content\/uploads\/2024\/05\/img-04-exterior-casa-moli-de-montanya-150x150.jpg 150w, https:\/\/www.casaruralelmoli.com\/wp-content\/uploads\/2024\/05\/img-04-exterior-casa-moli-de-montanya-768x768.jpg 768w, https:\/\/www.casaruralelmoli.com\/wp-content\/uploads\/2024\/05\/img-04-exterior-casa-moli-de-montanya-80x80.jpg 80w, https:\/\/www.casaruralelmoli.com\/wp-content\/uploads\/2024\/05\/img-04-exterior-casa-moli-de-montanya-303x303.jpg 303w, https:\/\/www.casaruralelmoli.com\/wp-content\/uploads\/2024\/05\/img-04-exterior-casa-moli-de-montanya-605x605.jpg 605w, https:\/\/www.casaruralelmoli.com\/wp-content\/uploads\/2024\/05\/img-04-exterior-casa-moli-de-montanya-700x700.jpg 700w, https:\/\/www.casaruralelmoli.com\/wp-content\/uploads\/2024\/05\/img-04-exterior-casa-moli-de-montanya-100x100.jpg 100w, https:\/\/www.casaruralelmoli.com\/wp-content\/uploads\/2024\/05\/img-04-exterior-casa-moli-de-montanya.jpg 800w\" sizes=\"(max-width: 394px) 100vw, 394px\" \/><\/a><div class=\"gallery-text\"><div class=\"image-title\">img-04-exterior-casa-moli-de-montanya<\/div><\/div><\/div><div class=\"col-sm-3 col-lg-3\"><a data-toggle=\"lightbox\" data-gallery=\"multiimages\" data-title=\"\"  class=\"thumbnail img-thumbnail\" href='https:\/\/www.casaruralelmoli.com\/wp-content\/uploads\/2024\/05\/img-08-exterior-casa-moli-de-montanya.jpg'><img loading=\"lazy\" decoding=\"async\" width=\"394\" height=\"394\" src=\"https:\/\/www.casaruralelmoli.com\/wp-content\/uploads\/2024\/05\/img-08-exterior-casa-moli-de-montanya-394x394.jpg\" class=\"attachment-th_img_sm_square size-th_img_sm_square\" alt=\"\" srcset=\"https:\/\/www.casaruralelmoli.com\/wp-content\/uploads\/2024\/05\/img-08-exterior-casa-moli-de-montanya-394x394.jpg 394w, https:\/\/www.casaruralelmoli.com\/wp-content\/uploads\/2024\/05\/img-08-exterior-casa-moli-de-montanya-300x300.jpg 300w, https:\/\/www.casaruralelmoli.com\/wp-content\/uploads\/2024\/05\/img-08-exterior-casa-moli-de-montanya-150x150.jpg 150w, https:\/\/www.casaruralelmoli.com\/wp-content\/uploads\/2024\/05\/img-08-exterior-casa-moli-de-montanya-768x768.jpg 768w, https:\/\/www.casaruralelmoli.com\/wp-content\/uploads\/2024\/05\/img-08-exterior-casa-moli-de-montanya-80x80.jpg 80w, https:\/\/www.casaruralelmoli.com\/wp-content\/uploads\/2024\/05\/img-08-exterior-casa-moli-de-montanya-303x303.jpg 303w, https:\/\/www.casaruralelmoli.com\/wp-content\/uploads\/2024\/05\/img-08-exterior-casa-moli-de-montanya-605x605.jpg 605w, https:\/\/www.casaruralelmoli.com\/wp-content\/uploads\/2024\/05\/img-08-exterior-casa-moli-de-montanya-700x700.jpg 700w, https:\/\/www.casaruralelmoli.com\/wp-content\/uploads\/2024\/05\/img-08-exterior-casa-moli-de-montanya-100x100.jpg 100w, https:\/\/www.casaruralelmoli.com\/wp-content\/uploads\/2024\/05\/img-08-exterior-casa-moli-de-montanya.jpg 800w\" sizes=\"(max-width: 394px) 100vw, 394px\" \/><\/a><div class=\"gallery-text\"><div class=\"image-title\">img-08-exterior-casa-moli-de-montanya<\/div><\/div><\/div><\/div><\/div>\t\t<\/div>\n\t\t\t\t<\/div>\n\t\t\t\t<\/div>\n\t\t\t\t<div class=\"elementor-element elementor-element-a0f7d2e elementor-view-default elementor-position-top elementor-widget elementor-widget-themo-header\" data-id=\"a0f7d2e\" data-element_type=\"widget\" data-widget_type=\"themo-header.default\">\n\t\t\t\t<div class=\"elementor-widget-container\">\n\t\t\t\t\t<div class=\"th-header-wrap\">\n        <div class=\"elementor-icon-box-wrapper \">\n                            <div class=\"elementor-icon-box-content\">\n                    <h3 class=\"elementor-icon-box-title\">\n                        Galeria interiors:                    <\/h3>\n                                        <p class=\"elementor-icon-box-description\"><\/p>\n\n                                    <\/div>\n            <\/div>\n\n        <\/div>\n\n\t\t\t\t<\/div>\n\t\t\t\t<\/div>\n\t\t\t\t<div class=\"elementor-element elementor-element-f4c5bb8 elementor-widget elementor-widget-themo-image-gallery\" data-id=\"f4c5bb8\" data-element_type=\"widget\" data-widget_type=\"themo-image-gallery.default\">\n\t\t\t\t<div class=\"elementor-widget-container\">\n\t\t\t\t\t<div class=\"elementor-image-gallery th-image-stretch\">\n\t\t\t<div class=\"gallery gallery-1145-2\"><div class=\"row gallery-row\"><div class=\"col-sm-3 col-lg-3\"><a data-toggle=\"lightbox\" data-gallery=\"multiimages\" data-title=\"\"  class=\"thumbnail img-thumbnail\" href='https:\/\/www.casaruralelmoli.com\/wp-content\/uploads\/2024\/05\/img-01-interior-casa-moli-de-montanya.jpg'><img loading=\"lazy\" decoding=\"async\" width=\"394\" height=\"394\" src=\"https:\/\/www.casaruralelmoli.com\/wp-content\/uploads\/2024\/05\/img-01-interior-casa-moli-de-montanya-394x394.jpg\" class=\"attachment-th_img_sm_square size-th_img_sm_square\" alt=\"\" srcset=\"https:\/\/www.casaruralelmoli.com\/wp-content\/uploads\/2024\/05\/img-01-interior-casa-moli-de-montanya-394x394.jpg 394w, https:\/\/www.casaruralelmoli.com\/wp-content\/uploads\/2024\/05\/img-01-interior-casa-moli-de-montanya-300x300.jpg 300w, https:\/\/www.casaruralelmoli.com\/wp-content\/uploads\/2024\/05\/img-01-interior-casa-moli-de-montanya-150x150.jpg 150w, https:\/\/www.casaruralelmoli.com\/wp-content\/uploads\/2024\/05\/img-01-interior-casa-moli-de-montanya-768x768.jpg 768w, https:\/\/www.casaruralelmoli.com\/wp-content\/uploads\/2024\/05\/img-01-interior-casa-moli-de-montanya-80x80.jpg 80w, https:\/\/www.casaruralelmoli.com\/wp-content\/uploads\/2024\/05\/img-01-interior-casa-moli-de-montanya-303x303.jpg 303w, https:\/\/www.casaruralelmoli.com\/wp-content\/uploads\/2024\/05\/img-01-interior-casa-moli-de-montanya-605x605.jpg 605w, https:\/\/www.casaruralelmoli.com\/wp-content\/uploads\/2024\/05\/img-01-interior-casa-moli-de-montanya-700x700.jpg 700w, https:\/\/www.casaruralelmoli.com\/wp-content\/uploads\/2024\/05\/img-01-interior-casa-moli-de-montanya-100x100.jpg 100w, https:\/\/www.casaruralelmoli.com\/wp-content\/uploads\/2024\/05\/img-01-interior-casa-moli-de-montanya.jpg 800w\" sizes=\"(max-width: 394px) 100vw, 394px\" \/><\/a><div class=\"gallery-text\"><div class=\"image-title\">img-01-interior-casa-moli-de-montanya<\/div><\/div><\/div><div class=\"col-sm-3 col-lg-3\"><a data-toggle=\"lightbox\" data-gallery=\"multiimages\" data-title=\"\"  class=\"thumbnail img-thumbnail\" href='https:\/\/www.casaruralelmoli.com\/wp-content\/uploads\/2024\/05\/img-11-interior-casa-moli-de-montanya.jpg'><img loading=\"lazy\" decoding=\"async\" width=\"394\" height=\"394\" src=\"https:\/\/www.casaruralelmoli.com\/wp-content\/uploads\/2024\/05\/img-11-interior-casa-moli-de-montanya-394x394.jpg\" class=\"attachment-th_img_sm_square size-th_img_sm_square\" alt=\"\" srcset=\"https:\/\/www.casaruralelmoli.com\/wp-content\/uploads\/2024\/05\/img-11-interior-casa-moli-de-montanya-394x394.jpg 394w, https:\/\/www.casaruralelmoli.com\/wp-content\/uploads\/2024\/05\/img-11-interior-casa-moli-de-montanya-300x300.jpg 300w, https:\/\/www.casaruralelmoli.com\/wp-content\/uploads\/2024\/05\/img-11-interior-casa-moli-de-montanya-150x150.jpg 150w, https:\/\/www.casaruralelmoli.com\/wp-content\/uploads\/2024\/05\/img-11-interior-casa-moli-de-montanya-768x768.jpg 768w, https:\/\/www.casaruralelmoli.com\/wp-content\/uploads\/2024\/05\/img-11-interior-casa-moli-de-montanya-80x80.jpg 80w, https:\/\/www.casaruralelmoli.com\/wp-content\/uploads\/2024\/05\/img-11-interior-casa-moli-de-montanya-303x303.jpg 303w, https:\/\/www.casaruralelmoli.com\/wp-content\/uploads\/2024\/05\/img-11-interior-casa-moli-de-montanya-605x605.jpg 605w, https:\/\/www.casaruralelmoli.com\/wp-content\/uploads\/2024\/05\/img-11-interior-casa-moli-de-montanya-700x700.jpg 700w, https:\/\/www.casaruralelmoli.com\/wp-content\/uploads\/2024\/05\/img-11-interior-casa-moli-de-montanya-100x100.jpg 100w, https:\/\/www.casaruralelmoli.com\/wp-content\/uploads\/2024\/05\/img-11-interior-casa-moli-de-montanya.jpg 800w\" sizes=\"(max-width: 394px) 100vw, 394px\" \/><\/a><div class=\"gallery-text\"><div class=\"image-title\">img-11-interior-casa-moli-de-montanya<\/div><\/div><\/div><div class=\"col-sm-3 col-lg-3\"><a data-toggle=\"lightbox\" data-gallery=\"multiimages\" data-title=\"\"  class=\"thumbnail img-thumbnail\" href='https:\/\/www.casaruralelmoli.com\/wp-content\/uploads\/2024\/05\/img-02-interior-casa-moli-de-montanya.jpg'><img loading=\"lazy\" decoding=\"async\" width=\"394\" height=\"394\" src=\"https:\/\/www.casaruralelmoli.com\/wp-content\/uploads\/2024\/05\/img-02-interior-casa-moli-de-montanya-394x394.jpg\" class=\"attachment-th_img_sm_square size-th_img_sm_square\" alt=\"\" srcset=\"https:\/\/www.casaruralelmoli.com\/wp-content\/uploads\/2024\/05\/img-02-interior-casa-moli-de-montanya-394x394.jpg 394w, https:\/\/www.casaruralelmoli.com\/wp-content\/uploads\/2024\/05\/img-02-interior-casa-moli-de-montanya-300x300.jpg 300w, https:\/\/www.casaruralelmoli.com\/wp-content\/uploads\/2024\/05\/img-02-interior-casa-moli-de-montanya-150x150.jpg 150w, https:\/\/www.casaruralelmoli.com\/wp-content\/uploads\/2024\/05\/img-02-interior-casa-moli-de-montanya-768x768.jpg 768w, https:\/\/www.casaruralelmoli.com\/wp-content\/uploads\/2024\/05\/img-02-interior-casa-moli-de-montanya-80x80.jpg 80w, https:\/\/www.casaruralelmoli.com\/wp-content\/uploads\/2024\/05\/img-02-interior-casa-moli-de-montanya-303x303.jpg 303w, https:\/\/www.casaruralelmoli.com\/wp-content\/uploads\/2024\/05\/img-02-interior-casa-moli-de-montanya-605x605.jpg 605w, https:\/\/www.casaruralelmoli.com\/wp-content\/uploads\/2024\/05\/img-02-interior-casa-moli-de-montanya-700x700.jpg 700w, https:\/\/www.casaruralelmoli.com\/wp-content\/uploads\/2024\/05\/img-02-interior-casa-moli-de-montanya-100x100.jpg 100w, https:\/\/www.casaruralelmoli.com\/wp-content\/uploads\/2024\/05\/img-02-interior-casa-moli-de-montanya.jpg 800w\" sizes=\"(max-width: 394px) 100vw, 394px\" \/><\/a><div class=\"gallery-text\"><div class=\"image-title\">img-02-interior-casa-moli-de-montanya<\/div><\/div><\/div><div class=\"col-sm-3 col-lg-3\"><a data-toggle=\"lightbox\" data-gallery=\"multiimages\" data-title=\"\"  class=\"thumbnail img-thumbnail\" href='https:\/\/www.casaruralelmoli.com\/wp-content\/uploads\/2024\/05\/img-10-interior-casa-moli-de-montanya.jpg'><img loading=\"lazy\" decoding=\"async\" width=\"394\" height=\"394\" src=\"https:\/\/www.casaruralelmoli.com\/wp-content\/uploads\/2024\/05\/img-10-interior-casa-moli-de-montanya-394x394.jpg\" class=\"attachment-th_img_sm_square size-th_img_sm_square\" alt=\"\" srcset=\"https:\/\/www.casaruralelmoli.com\/wp-content\/uploads\/2024\/05\/img-10-interior-casa-moli-de-montanya-394x394.jpg 394w, https:\/\/www.casaruralelmoli.com\/wp-content\/uploads\/2024\/05\/img-10-interior-casa-moli-de-montanya-300x300.jpg 300w, https:\/\/www.casaruralelmoli.com\/wp-content\/uploads\/2024\/05\/img-10-interior-casa-moli-de-montanya-150x150.jpg 150w, https:\/\/www.casaruralelmoli.com\/wp-content\/uploads\/2024\/05\/img-10-interior-casa-moli-de-montanya-768x768.jpg 768w, https:\/\/www.casaruralelmoli.com\/wp-content\/uploads\/2024\/05\/img-10-interior-casa-moli-de-montanya-80x80.jpg 80w, https:\/\/www.casaruralelmoli.com\/wp-content\/uploads\/2024\/05\/img-10-interior-casa-moli-de-montanya-303x303.jpg 303w, https:\/\/www.casaruralelmoli.com\/wp-content\/uploads\/2024\/05\/img-10-interior-casa-moli-de-montanya-605x605.jpg 605w, https:\/\/www.casaruralelmoli.com\/wp-content\/uploads\/2024\/05\/img-10-interior-casa-moli-de-montanya-700x700.jpg 700w, https:\/\/www.casaruralelmoli.com\/wp-content\/uploads\/2024\/05\/img-10-interior-casa-moli-de-montanya-100x100.jpg 100w, https:\/\/www.casaruralelmoli.com\/wp-content\/uploads\/2024\/05\/img-10-interior-casa-moli-de-montanya.jpg 800w\" sizes=\"(max-width: 394px) 100vw, 394px\" \/><\/a><div class=\"gallery-text\"><div class=\"image-title\">img-10-interior-casa-moli-de-montanya<\/div><\/div><\/div><\/div><div class=\"row gallery-row\"><div class=\"col-sm-3 col-lg-3\"><a data-toggle=\"lightbox\" data-gallery=\"multiimages\" data-title=\"\"  class=\"thumbnail img-thumbnail\" href='https:\/\/www.casaruralelmoli.com\/wp-content\/uploads\/2024\/05\/img-05-interior-casa-moli-de-montanya.jpg'><img loading=\"lazy\" decoding=\"async\" width=\"394\" height=\"394\" src=\"https:\/\/www.casaruralelmoli.com\/wp-content\/uploads\/2024\/05\/img-05-interior-casa-moli-de-montanya-394x394.jpg\" class=\"attachment-th_img_sm_square size-th_img_sm_square\" alt=\"\" srcset=\"https:\/\/www.casaruralelmoli.com\/wp-content\/uploads\/2024\/05\/img-05-interior-casa-moli-de-montanya-394x394.jpg 394w, https:\/\/www.casaruralelmoli.com\/wp-content\/uploads\/2024\/05\/img-05-interior-casa-moli-de-montanya-300x300.jpg 300w, https:\/\/www.casaruralelmoli.com\/wp-content\/uploads\/2024\/05\/img-05-interior-casa-moli-de-montanya-150x150.jpg 150w, https:\/\/www.casaruralelmoli.com\/wp-content\/uploads\/2024\/05\/img-05-interior-casa-moli-de-montanya-768x768.jpg 768w, https:\/\/www.casaruralelmoli.com\/wp-content\/uploads\/2024\/05\/img-05-interior-casa-moli-de-montanya-80x80.jpg 80w, https:\/\/www.casaruralelmoli.com\/wp-content\/uploads\/2024\/05\/img-05-interior-casa-moli-de-montanya-303x303.jpg 303w, https:\/\/www.casaruralelmoli.com\/wp-content\/uploads\/2024\/05\/img-05-interior-casa-moli-de-montanya-605x605.jpg 605w, https:\/\/www.casaruralelmoli.com\/wp-content\/uploads\/2024\/05\/img-05-interior-casa-moli-de-montanya-700x700.jpg 700w, https:\/\/www.casaruralelmoli.com\/wp-content\/uploads\/2024\/05\/img-05-interior-casa-moli-de-montanya-100x100.jpg 100w, https:\/\/www.casaruralelmoli.com\/wp-content\/uploads\/2024\/05\/img-05-interior-casa-moli-de-montanya.jpg 800w\" sizes=\"(max-width: 394px) 100vw, 394px\" \/><\/a><div class=\"gallery-text\"><div class=\"image-title\">img-05-interior-casa-moli-de-montanya<\/div><\/div><\/div><div class=\"col-sm-3 col-lg-3\"><a data-toggle=\"lightbox\" data-gallery=\"multiimages\" data-title=\"\"  class=\"thumbnail img-thumbnail\" href='https:\/\/www.casaruralelmoli.com\/wp-content\/uploads\/2024\/05\/img-07-interior-casa-moli-de-montanya.jpg'><img loading=\"lazy\" decoding=\"async\" width=\"394\" height=\"394\" src=\"https:\/\/www.casaruralelmoli.com\/wp-content\/uploads\/2024\/05\/img-07-interior-casa-moli-de-montanya-394x394.jpg\" class=\"attachment-th_img_sm_square size-th_img_sm_square\" alt=\"\" srcset=\"https:\/\/www.casaruralelmoli.com\/wp-content\/uploads\/2024\/05\/img-07-interior-casa-moli-de-montanya-394x394.jpg 394w, https:\/\/www.casaruralelmoli.com\/wp-content\/uploads\/2024\/05\/img-07-interior-casa-moli-de-montanya-300x300.jpg 300w, https:\/\/www.casaruralelmoli.com\/wp-content\/uploads\/2024\/05\/img-07-interior-casa-moli-de-montanya-150x150.jpg 150w, https:\/\/www.casaruralelmoli.com\/wp-content\/uploads\/2024\/05\/img-07-interior-casa-moli-de-montanya-768x768.jpg 768w, https:\/\/www.casaruralelmoli.com\/wp-content\/uploads\/2024\/05\/img-07-interior-casa-moli-de-montanya-80x80.jpg 80w, https:\/\/www.casaruralelmoli.com\/wp-content\/uploads\/2024\/05\/img-07-interior-casa-moli-de-montanya-303x303.jpg 303w, https:\/\/www.casaruralelmoli.com\/wp-content\/uploads\/2024\/05\/img-07-interior-casa-moli-de-montanya-605x605.jpg 605w, https:\/\/www.casaruralelmoli.com\/wp-content\/uploads\/2024\/05\/img-07-interior-casa-moli-de-montanya-700x700.jpg 700w, https:\/\/www.casaruralelmoli.com\/wp-content\/uploads\/2024\/05\/img-07-interior-casa-moli-de-montanya-100x100.jpg 100w, https:\/\/www.casaruralelmoli.com\/wp-content\/uploads\/2024\/05\/img-07-interior-casa-moli-de-montanya.jpg 800w\" sizes=\"(max-width: 394px) 100vw, 394px\" \/><\/a><div class=\"gallery-text\"><div class=\"image-title\">img-07-interior-casa-moli-de-montanya<\/div><\/div><\/div><div class=\"col-sm-3 col-lg-3\"><a data-toggle=\"lightbox\" data-gallery=\"multiimages\" data-title=\"\"  class=\"thumbnail img-thumbnail\" href='https:\/\/www.casaruralelmoli.com\/wp-content\/uploads\/2024\/05\/img-08-interior-casa-moli-de-montanya.jpg'><img loading=\"lazy\" decoding=\"async\" width=\"394\" height=\"394\" src=\"https:\/\/www.casaruralelmoli.com\/wp-content\/uploads\/2024\/05\/img-08-interior-casa-moli-de-montanya-394x394.jpg\" class=\"attachment-th_img_sm_square size-th_img_sm_square\" alt=\"\" srcset=\"https:\/\/www.casaruralelmoli.com\/wp-content\/uploads\/2024\/05\/img-08-interior-casa-moli-de-montanya-394x394.jpg 394w, https:\/\/www.casaruralelmoli.com\/wp-content\/uploads\/2024\/05\/img-08-interior-casa-moli-de-montanya-300x300.jpg 300w, https:\/\/www.casaruralelmoli.com\/wp-content\/uploads\/2024\/05\/img-08-interior-casa-moli-de-montanya-150x150.jpg 150w, https:\/\/www.casaruralelmoli.com\/wp-content\/uploads\/2024\/05\/img-08-interior-casa-moli-de-montanya-768x768.jpg 768w, https:\/\/www.casaruralelmoli.com\/wp-content\/uploads\/2024\/05\/img-08-interior-casa-moli-de-montanya-80x80.jpg 80w, https:\/\/www.casaruralelmoli.com\/wp-content\/uploads\/2024\/05\/img-08-interior-casa-moli-de-montanya-303x303.jpg 303w, https:\/\/www.casaruralelmoli.com\/wp-content\/uploads\/2024\/05\/img-08-interior-casa-moli-de-montanya-605x605.jpg 605w, https:\/\/www.casaruralelmoli.com\/wp-content\/uploads\/2024\/05\/img-08-interior-casa-moli-de-montanya-700x700.jpg 700w, https:\/\/www.casaruralelmoli.com\/wp-content\/uploads\/2024\/05\/img-08-interior-casa-moli-de-montanya-100x100.jpg 100w, https:\/\/www.casaruralelmoli.com\/wp-content\/uploads\/2024\/05\/img-08-interior-casa-moli-de-montanya.jpg 800w\" sizes=\"(max-width: 394px) 100vw, 394px\" \/><\/a><div class=\"gallery-text\"><div class=\"image-title\">img-08-interior-casa-moli-de-montanya<\/div><\/div><\/div><div class=\"col-sm-3 col-lg-3\"><a data-toggle=\"lightbox\" data-gallery=\"multiimages\" data-title=\"\"  class=\"thumbnail img-thumbnail\" href='https:\/\/www.casaruralelmoli.com\/wp-content\/uploads\/2024\/05\/img-04-interior-casa-moli-de-montanya.jpg'><img loading=\"lazy\" decoding=\"async\" width=\"394\" height=\"394\" src=\"https:\/\/www.casaruralelmoli.com\/wp-content\/uploads\/2024\/05\/img-04-interior-casa-moli-de-montanya-394x394.jpg\" class=\"attachment-th_img_sm_square size-th_img_sm_square\" alt=\"\" srcset=\"https:\/\/www.casaruralelmoli.com\/wp-content\/uploads\/2024\/05\/img-04-interior-casa-moli-de-montanya-394x394.jpg 394w, https:\/\/www.casaruralelmoli.com\/wp-content\/uploads\/2024\/05\/img-04-interior-casa-moli-de-montanya-300x300.jpg 300w, https:\/\/www.casaruralelmoli.com\/wp-content\/uploads\/2024\/05\/img-04-interior-casa-moli-de-montanya-150x150.jpg 150w, https:\/\/www.casaruralelmoli.com\/wp-content\/uploads\/2024\/05\/img-04-interior-casa-moli-de-montanya-768x768.jpg 768w, https:\/\/www.casaruralelmoli.com\/wp-content\/uploads\/2024\/05\/img-04-interior-casa-moli-de-montanya-80x80.jpg 80w, https:\/\/www.casaruralelmoli.com\/wp-content\/uploads\/2024\/05\/img-04-interior-casa-moli-de-montanya-303x303.jpg 303w, https:\/\/www.casaruralelmoli.com\/wp-content\/uploads\/2024\/05\/img-04-interior-casa-moli-de-montanya-605x605.jpg 605w, https:\/\/www.casaruralelmoli.com\/wp-content\/uploads\/2024\/05\/img-04-interior-casa-moli-de-montanya-700x700.jpg 700w, https:\/\/www.casaruralelmoli.com\/wp-content\/uploads\/2024\/05\/img-04-interior-casa-moli-de-montanya-100x100.jpg 100w, https:\/\/www.casaruralelmoli.com\/wp-content\/uploads\/2024\/05\/img-04-interior-casa-moli-de-montanya.jpg 800w\" sizes=\"(max-width: 394px) 100vw, 394px\" \/><\/a><div class=\"gallery-text\"><div class=\"image-title\">img-04-interior-casa-moli-de-montanya<\/div><\/div><\/div><\/div><div class=\"row gallery-row\"><div class=\"col-sm-3 col-lg-3\"><a data-toggle=\"lightbox\" data-gallery=\"multiimages\" data-title=\"\"  class=\"thumbnail img-thumbnail\" href='https:\/\/www.casaruralelmoli.com\/wp-content\/uploads\/2024\/05\/img-09-interior-casa-moli-de-montanya.jpg'><img loading=\"lazy\" decoding=\"async\" width=\"394\" height=\"394\" src=\"https:\/\/www.casaruralelmoli.com\/wp-content\/uploads\/2024\/05\/img-09-interior-casa-moli-de-montanya-394x394.jpg\" class=\"attachment-th_img_sm_square size-th_img_sm_square\" alt=\"\" srcset=\"https:\/\/www.casaruralelmoli.com\/wp-content\/uploads\/2024\/05\/img-09-interior-casa-moli-de-montanya-394x394.jpg 394w, https:\/\/www.casaruralelmoli.com\/wp-content\/uploads\/2024\/05\/img-09-interior-casa-moli-de-montanya-300x300.jpg 300w, https:\/\/www.casaruralelmoli.com\/wp-content\/uploads\/2024\/05\/img-09-interior-casa-moli-de-montanya-150x150.jpg 150w, https:\/\/www.casaruralelmoli.com\/wp-content\/uploads\/2024\/05\/img-09-interior-casa-moli-de-montanya-768x768.jpg 768w, https:\/\/www.casaruralelmoli.com\/wp-content\/uploads\/2024\/05\/img-09-interior-casa-moli-de-montanya-80x80.jpg 80w, https:\/\/www.casaruralelmoli.com\/wp-content\/uploads\/2024\/05\/img-09-interior-casa-moli-de-montanya-303x303.jpg 303w, https:\/\/www.casaruralelmoli.com\/wp-content\/uploads\/2024\/05\/img-09-interior-casa-moli-de-montanya-605x605.jpg 605w, https:\/\/www.casaruralelmoli.com\/wp-content\/uploads\/2024\/05\/img-09-interior-casa-moli-de-montanya-700x700.jpg 700w, https:\/\/www.casaruralelmoli.com\/wp-content\/uploads\/2024\/05\/img-09-interior-casa-moli-de-montanya-100x100.jpg 100w, https:\/\/www.casaruralelmoli.com\/wp-content\/uploads\/2024\/05\/img-09-interior-casa-moli-de-montanya.jpg 800w\" sizes=\"(max-width: 394px) 100vw, 394px\" \/><\/a><div class=\"gallery-text\"><div class=\"image-title\">img-09-interior-casa-moli-de-montanya<\/div><\/div><\/div><div class=\"col-sm-3 col-lg-3\"><a data-toggle=\"lightbox\" data-gallery=\"multiimages\" data-title=\"\"  class=\"thumbnail img-thumbnail\" href='https:\/\/www.casaruralelmoli.com\/wp-content\/uploads\/2024\/05\/img-06-interior-casa-moli-de-montanya.jpg'><img loading=\"lazy\" decoding=\"async\" width=\"394\" height=\"394\" src=\"https:\/\/www.casaruralelmoli.com\/wp-content\/uploads\/2024\/05\/img-06-interior-casa-moli-de-montanya-394x394.jpg\" class=\"attachment-th_img_sm_square size-th_img_sm_square\" alt=\"\" srcset=\"https:\/\/www.casaruralelmoli.com\/wp-content\/uploads\/2024\/05\/img-06-interior-casa-moli-de-montanya-394x394.jpg 394w, https:\/\/www.casaruralelmoli.com\/wp-content\/uploads\/2024\/05\/img-06-interior-casa-moli-de-montanya-300x300.jpg 300w, https:\/\/www.casaruralelmoli.com\/wp-content\/uploads\/2024\/05\/img-06-interior-casa-moli-de-montanya-150x150.jpg 150w, https:\/\/www.casaruralelmoli.com\/wp-content\/uploads\/2024\/05\/img-06-interior-casa-moli-de-montanya-768x768.jpg 768w, https:\/\/www.casaruralelmoli.com\/wp-content\/uploads\/2024\/05\/img-06-interior-casa-moli-de-montanya-80x80.jpg 80w, https:\/\/www.casaruralelmoli.com\/wp-content\/uploads\/2024\/05\/img-06-interior-casa-moli-de-montanya-303x303.jpg 303w, https:\/\/www.casaruralelmoli.com\/wp-content\/uploads\/2024\/05\/img-06-interior-casa-moli-de-montanya-605x605.jpg 605w, https:\/\/www.casaruralelmoli.com\/wp-content\/uploads\/2024\/05\/img-06-interior-casa-moli-de-montanya-700x700.jpg 700w, https:\/\/www.casaruralelmoli.com\/wp-content\/uploads\/2024\/05\/img-06-interior-casa-moli-de-montanya-100x100.jpg 100w, https:\/\/www.casaruralelmoli.com\/wp-content\/uploads\/2024\/05\/img-06-interior-casa-moli-de-montanya.jpg 800w\" sizes=\"(max-width: 394px) 100vw, 394px\" \/><\/a><div class=\"gallery-text\"><div class=\"image-title\">img-06-interior-casa-moli-de-montanya<\/div><\/div><\/div><div class=\"col-sm-3 col-lg-3\"><a data-toggle=\"lightbox\" data-gallery=\"multiimages\" data-title=\"\"  class=\"thumbnail img-thumbnail\" href='https:\/\/www.casaruralelmoli.com\/wp-content\/uploads\/2024\/05\/img-03-interior-casa-moli-de-montanya.jpg'><img loading=\"lazy\" decoding=\"async\" width=\"394\" height=\"394\" src=\"https:\/\/www.casaruralelmoli.com\/wp-content\/uploads\/2024\/05\/img-03-interior-casa-moli-de-montanya-394x394.jpg\" class=\"attachment-th_img_sm_square size-th_img_sm_square\" alt=\"\" srcset=\"https:\/\/www.casaruralelmoli.com\/wp-content\/uploads\/2024\/05\/img-03-interior-casa-moli-de-montanya-394x394.jpg 394w, https:\/\/www.casaruralelmoli.com\/wp-content\/uploads\/2024\/05\/img-03-interior-casa-moli-de-montanya-300x300.jpg 300w, https:\/\/www.casaruralelmoli.com\/wp-content\/uploads\/2024\/05\/img-03-interior-casa-moli-de-montanya-150x150.jpg 150w, https:\/\/www.casaruralelmoli.com\/wp-content\/uploads\/2024\/05\/img-03-interior-casa-moli-de-montanya-768x768.jpg 768w, https:\/\/www.casaruralelmoli.com\/wp-content\/uploads\/2024\/05\/img-03-interior-casa-moli-de-montanya-80x80.jpg 80w, https:\/\/www.casaruralelmoli.com\/wp-content\/uploads\/2024\/05\/img-03-interior-casa-moli-de-montanya-303x303.jpg 303w, https:\/\/www.casaruralelmoli.com\/wp-content\/uploads\/2024\/05\/img-03-interior-casa-moli-de-montanya-605x605.jpg 605w, https:\/\/www.casaruralelmoli.com\/wp-content\/uploads\/2024\/05\/img-03-interior-casa-moli-de-montanya-700x700.jpg 700w, https:\/\/www.casaruralelmoli.com\/wp-content\/uploads\/2024\/05\/img-03-interior-casa-moli-de-montanya-100x100.jpg 100w, https:\/\/www.casaruralelmoli.com\/wp-content\/uploads\/2024\/05\/img-03-interior-casa-moli-de-montanya.jpg 800w\" sizes=\"(max-width: 394px) 100vw, 394px\" \/><\/a><div class=\"gallery-text\"><div class=\"image-title\">img-03-interior-casa-moli-de-montanya<\/div><\/div><\/div><div class=\"col-sm-3 col-lg-3\"><a data-toggle=\"lightbox\" data-gallery=\"multiimages\" data-title=\"\"  class=\"thumbnail img-thumbnail\" href='https:\/\/www.casaruralelmoli.com\/wp-content\/uploads\/2024\/05\/img-00-interior-casa-moli-de-montanya.jpg'><img loading=\"lazy\" decoding=\"async\" width=\"394\" height=\"394\" src=\"https:\/\/www.casaruralelmoli.com\/wp-content\/uploads\/2024\/05\/img-00-interior-casa-moli-de-montanya-394x394.jpg\" class=\"attachment-th_img_sm_square size-th_img_sm_square\" alt=\"\" srcset=\"https:\/\/www.casaruralelmoli.com\/wp-content\/uploads\/2024\/05\/img-00-interior-casa-moli-de-montanya-394x394.jpg 394w, https:\/\/www.casaruralelmoli.com\/wp-content\/uploads\/2024\/05\/img-00-interior-casa-moli-de-montanya-300x300.jpg 300w, https:\/\/www.casaruralelmoli.com\/wp-content\/uploads\/2024\/05\/img-00-interior-casa-moli-de-montanya-150x150.jpg 150w, https:\/\/www.casaruralelmoli.com\/wp-content\/uploads\/2024\/05\/img-00-interior-casa-moli-de-montanya-768x768.jpg 768w, https:\/\/www.casaruralelmoli.com\/wp-content\/uploads\/2024\/05\/img-00-interior-casa-moli-de-montanya-80x80.jpg 80w, https:\/\/www.casaruralelmoli.com\/wp-content\/uploads\/2024\/05\/img-00-interior-casa-moli-de-montanya-303x303.jpg 303w, https:\/\/www.casaruralelmoli.com\/wp-content\/uploads\/2024\/05\/img-00-interior-casa-moli-de-montanya-605x605.jpg 605w, https:\/\/www.casaruralelmoli.com\/wp-content\/uploads\/2024\/05\/img-00-interior-casa-moli-de-montanya-700x700.jpg 700w, https:\/\/www.casaruralelmoli.com\/wp-content\/uploads\/2024\/05\/img-00-interior-casa-moli-de-montanya-100x100.jpg 100w, https:\/\/www.casaruralelmoli.com\/wp-content\/uploads\/2024\/05\/img-00-interior-casa-moli-de-montanya.jpg 800w\" sizes=\"(max-width: 394px) 100vw, 394px\" \/><\/a><div class=\"gallery-text\"><div class=\"image-title\">img-00-interior-casa-moli-de-montanya<\/div><\/div><\/div><\/div><\/div>\t\t<\/div>\n\t\t\t\t<\/div>\n\t\t\t\t<\/div>\n\t\t\t\t<div class=\"elementor-element elementor-element-e11a939 elementor-view-default elementor-position-top elementor-widget elementor-widget-themo-header\" data-id=\"e11a939\" data-element_type=\"widget\" data-widget_type=\"themo-header.default\">\n\t\t\t\t<div class=\"elementor-widget-container\">\n\t\t\t\t\t<div class=\"th-header-wrap\">\n        <div class=\"elementor-icon-box-wrapper \">\n                            <div class=\"elementor-icon-box-content\">\n                    <h3 class=\"elementor-icon-box-title\">\n                        Galeria de l'entorn:                    <\/h3>\n                                        <p class=\"elementor-icon-box-description\"><\/p>\n\n                                    <\/div>\n            <\/div>\n\n        <\/div>\n\n\t\t\t\t<\/div>\n\t\t\t\t<\/div>\n\t\t\t\t<div class=\"elementor-element elementor-element-44bb046 elementor-widget elementor-widget-themo-image-gallery\" data-id=\"44bb046\" data-element_type=\"widget\" data-widget_type=\"themo-image-gallery.default\">\n\t\t\t\t<div class=\"elementor-widget-container\">\n\t\t\t\t\t<div class=\"elementor-image-gallery th-image-stretch\">\n\t\t\t<div class=\"gallery gallery-1145-3\"><div class=\"row gallery-row\"><div class=\"col-sm-3 col-lg-3\"><a data-toggle=\"lightbox\" data-gallery=\"multiimages\" data-title=\"\"  class=\"thumbnail img-thumbnail\" href='https:\/\/www.casaruralelmoli.com\/wp-content\/uploads\/2024\/05\/img-07-entorno-casa-moli-de-montanya.jpg'><img loading=\"lazy\" decoding=\"async\" width=\"394\" height=\"394\" src=\"https:\/\/www.casaruralelmoli.com\/wp-content\/uploads\/2024\/05\/img-07-entorno-casa-moli-de-montanya-394x394.jpg\" class=\"attachment-th_img_sm_square size-th_img_sm_square\" alt=\"\" srcset=\"https:\/\/www.casaruralelmoli.com\/wp-content\/uploads\/2024\/05\/img-07-entorno-casa-moli-de-montanya-394x394.jpg 394w, https:\/\/www.casaruralelmoli.com\/wp-content\/uploads\/2024\/05\/img-07-entorno-casa-moli-de-montanya-300x300.jpg 300w, https:\/\/www.casaruralelmoli.com\/wp-content\/uploads\/2024\/05\/img-07-entorno-casa-moli-de-montanya-150x150.jpg 150w, https:\/\/www.casaruralelmoli.com\/wp-content\/uploads\/2024\/05\/img-07-entorno-casa-moli-de-montanya-768x768.jpg 768w, https:\/\/www.casaruralelmoli.com\/wp-content\/uploads\/2024\/05\/img-07-entorno-casa-moli-de-montanya-80x80.jpg 80w, https:\/\/www.casaruralelmoli.com\/wp-content\/uploads\/2024\/05\/img-07-entorno-casa-moli-de-montanya-303x303.jpg 303w, https:\/\/www.casaruralelmoli.com\/wp-content\/uploads\/2024\/05\/img-07-entorno-casa-moli-de-montanya-605x605.jpg 605w, https:\/\/www.casaruralelmoli.com\/wp-content\/uploads\/2024\/05\/img-07-entorno-casa-moli-de-montanya-700x700.jpg 700w, https:\/\/www.casaruralelmoli.com\/wp-content\/uploads\/2024\/05\/img-07-entorno-casa-moli-de-montanya-100x100.jpg 100w, https:\/\/www.casaruralelmoli.com\/wp-content\/uploads\/2024\/05\/img-07-entorno-casa-moli-de-montanya.jpg 800w\" sizes=\"(max-width: 394px) 100vw, 394px\" \/><\/a><div class=\"gallery-text\"><div class=\"image-title\">img-07-entorno-casa-moli-de-montanya<\/div><\/div><\/div><div class=\"col-sm-3 col-lg-3\"><a data-toggle=\"lightbox\" data-gallery=\"multiimages\" data-title=\"\"  class=\"thumbnail img-thumbnail\" href='https:\/\/www.casaruralelmoli.com\/wp-content\/uploads\/2024\/05\/img-10-entorno-casa-moli-de-montanya.jpg'><img loading=\"lazy\" decoding=\"async\" width=\"394\" height=\"394\" src=\"https:\/\/www.casaruralelmoli.com\/wp-content\/uploads\/2024\/05\/img-10-entorno-casa-moli-de-montanya-394x394.jpg\" class=\"attachment-th_img_sm_square size-th_img_sm_square\" alt=\"\" srcset=\"https:\/\/www.casaruralelmoli.com\/wp-content\/uploads\/2024\/05\/img-10-entorno-casa-moli-de-montanya-394x394.jpg 394w, https:\/\/www.casaruralelmoli.com\/wp-content\/uploads\/2024\/05\/img-10-entorno-casa-moli-de-montanya-300x300.jpg 300w, https:\/\/www.casaruralelmoli.com\/wp-content\/uploads\/2024\/05\/img-10-entorno-casa-moli-de-montanya-150x150.jpg 150w, https:\/\/www.casaruralelmoli.com\/wp-content\/uploads\/2024\/05\/img-10-entorno-casa-moli-de-montanya-768x768.jpg 768w, https:\/\/www.casaruralelmoli.com\/wp-content\/uploads\/2024\/05\/img-10-entorno-casa-moli-de-montanya-80x80.jpg 80w, https:\/\/www.casaruralelmoli.com\/wp-content\/uploads\/2024\/05\/img-10-entorno-casa-moli-de-montanya-303x303.jpg 303w, https:\/\/www.casaruralelmoli.com\/wp-content\/uploads\/2024\/05\/img-10-entorno-casa-moli-de-montanya-605x605.jpg 605w, https:\/\/www.casaruralelmoli.com\/wp-content\/uploads\/2024\/05\/img-10-entorno-casa-moli-de-montanya-700x700.jpg 700w, https:\/\/www.casaruralelmoli.com\/wp-content\/uploads\/2024\/05\/img-10-entorno-casa-moli-de-montanya-100x100.jpg 100w, https:\/\/www.casaruralelmoli.com\/wp-content\/uploads\/2024\/05\/img-10-entorno-casa-moli-de-montanya.jpg 800w\" sizes=\"(max-width: 394px) 100vw, 394px\" \/><\/a><div class=\"gallery-text\"><div class=\"image-title\">img-10-entorno-casa-moli-de-montanya<\/div><\/div><\/div><div class=\"col-sm-3 col-lg-3\"><a data-toggle=\"lightbox\" data-gallery=\"multiimages\" data-title=\"\"  class=\"thumbnail img-thumbnail\" href='https:\/\/www.casaruralelmoli.com\/wp-content\/uploads\/2024\/05\/img-11-entorno-casa-moli-de-montanya.jpg'><img loading=\"lazy\" decoding=\"async\" width=\"394\" height=\"394\" src=\"https:\/\/www.casaruralelmoli.com\/wp-content\/uploads\/2024\/05\/img-11-entorno-casa-moli-de-montanya-394x394.jpg\" class=\"attachment-th_img_sm_square size-th_img_sm_square\" alt=\"\" srcset=\"https:\/\/www.casaruralelmoli.com\/wp-content\/uploads\/2024\/05\/img-11-entorno-casa-moli-de-montanya-394x394.jpg 394w, https:\/\/www.casaruralelmoli.com\/wp-content\/uploads\/2024\/05\/img-11-entorno-casa-moli-de-montanya-300x300.jpg 300w, https:\/\/www.casaruralelmoli.com\/wp-content\/uploads\/2024\/05\/img-11-entorno-casa-moli-de-montanya-150x150.jpg 150w, https:\/\/www.casaruralelmoli.com\/wp-content\/uploads\/2024\/05\/img-11-entorno-casa-moli-de-montanya-768x768.jpg 768w, https:\/\/www.casaruralelmoli.com\/wp-content\/uploads\/2024\/05\/img-11-entorno-casa-moli-de-montanya-80x80.jpg 80w, https:\/\/www.casaruralelmoli.com\/wp-content\/uploads\/2024\/05\/img-11-entorno-casa-moli-de-montanya-303x303.jpg 303w, https:\/\/www.casaruralelmoli.com\/wp-content\/uploads\/2024\/05\/img-11-entorno-casa-moli-de-montanya-605x605.jpg 605w, https:\/\/www.casaruralelmoli.com\/wp-content\/uploads\/2024\/05\/img-11-entorno-casa-moli-de-montanya-700x700.jpg 700w, https:\/\/www.casaruralelmoli.com\/wp-content\/uploads\/2024\/05\/img-11-entorno-casa-moli-de-montanya-100x100.jpg 100w, https:\/\/www.casaruralelmoli.com\/wp-content\/uploads\/2024\/05\/img-11-entorno-casa-moli-de-montanya.jpg 800w\" sizes=\"(max-width: 394px) 100vw, 394px\" \/><\/a><div class=\"gallery-text\"><div class=\"image-title\">img-11-entorno-casa-moli-de-montanya<\/div><\/div><\/div><div class=\"col-sm-3 col-lg-3\"><a data-toggle=\"lightbox\" data-gallery=\"multiimages\" data-title=\"\"  class=\"thumbnail img-thumbnail\" href='https:\/\/www.casaruralelmoli.com\/wp-content\/uploads\/2024\/05\/img-03-entorno-casa-moli-de-montanya.jpg'><img loading=\"lazy\" decoding=\"async\" width=\"394\" height=\"394\" src=\"https:\/\/www.casaruralelmoli.com\/wp-content\/uploads\/2024\/05\/img-03-entorno-casa-moli-de-montanya-394x394.jpg\" class=\"attachment-th_img_sm_square size-th_img_sm_square\" alt=\"\" srcset=\"https:\/\/www.casaruralelmoli.com\/wp-content\/uploads\/2024\/05\/img-03-entorno-casa-moli-de-montanya-394x394.jpg 394w, https:\/\/www.casaruralelmoli.com\/wp-content\/uploads\/2024\/05\/img-03-entorno-casa-moli-de-montanya-300x300.jpg 300w, https:\/\/www.casaruralelmoli.com\/wp-content\/uploads\/2024\/05\/img-03-entorno-casa-moli-de-montanya-150x150.jpg 150w, https:\/\/www.casaruralelmoli.com\/wp-content\/uploads\/2024\/05\/img-03-entorno-casa-moli-de-montanya-768x768.jpg 768w, https:\/\/www.casaruralelmoli.com\/wp-content\/uploads\/2024\/05\/img-03-entorno-casa-moli-de-montanya-80x80.jpg 80w, https:\/\/www.casaruralelmoli.com\/wp-content\/uploads\/2024\/05\/img-03-entorno-casa-moli-de-montanya-303x303.jpg 303w, https:\/\/www.casaruralelmoli.com\/wp-content\/uploads\/2024\/05\/img-03-entorno-casa-moli-de-montanya-605x605.jpg 605w, https:\/\/www.casaruralelmoli.com\/wp-content\/uploads\/2024\/05\/img-03-entorno-casa-moli-de-montanya-700x700.jpg 700w, https:\/\/www.casaruralelmoli.com\/wp-content\/uploads\/2024\/05\/img-03-entorno-casa-moli-de-montanya-100x100.jpg 100w, https:\/\/www.casaruralelmoli.com\/wp-content\/uploads\/2024\/05\/img-03-entorno-casa-moli-de-montanya.jpg 800w\" sizes=\"(max-width: 394px) 100vw, 394px\" \/><\/a><div class=\"gallery-text\"><div class=\"image-title\">img-03-entorno-casa-moli-de-montanya<\/div><\/div><\/div><\/div><div class=\"row gallery-row\"><div class=\"col-sm-3 col-lg-3\"><a data-toggle=\"lightbox\" data-gallery=\"multiimages\" data-title=\"\"  class=\"thumbnail img-thumbnail\" href='https:\/\/www.casaruralelmoli.com\/wp-content\/uploads\/2024\/05\/img-05-entorno-casa-moli-de-montanya.jpg'><img loading=\"lazy\" decoding=\"async\" width=\"394\" height=\"394\" src=\"https:\/\/www.casaruralelmoli.com\/wp-content\/uploads\/2024\/05\/img-05-entorno-casa-moli-de-montanya-394x394.jpg\" class=\"attachment-th_img_sm_square size-th_img_sm_square\" alt=\"\" srcset=\"https:\/\/www.casaruralelmoli.com\/wp-content\/uploads\/2024\/05\/img-05-entorno-casa-moli-de-montanya-394x394.jpg 394w, https:\/\/www.casaruralelmoli.com\/wp-content\/uploads\/2024\/05\/img-05-entorno-casa-moli-de-montanya-300x300.jpg 300w, https:\/\/www.casaruralelmoli.com\/wp-content\/uploads\/2024\/05\/img-05-entorno-casa-moli-de-montanya-150x150.jpg 150w, https:\/\/www.casaruralelmoli.com\/wp-content\/uploads\/2024\/05\/img-05-entorno-casa-moli-de-montanya-768x768.jpg 768w, https:\/\/www.casaruralelmoli.com\/wp-content\/uploads\/2024\/05\/img-05-entorno-casa-moli-de-montanya-80x80.jpg 80w, https:\/\/www.casaruralelmoli.com\/wp-content\/uploads\/2024\/05\/img-05-entorno-casa-moli-de-montanya-303x303.jpg 303w, https:\/\/www.casaruralelmoli.com\/wp-content\/uploads\/2024\/05\/img-05-entorno-casa-moli-de-montanya-605x605.jpg 605w, https:\/\/www.casaruralelmoli.com\/wp-content\/uploads\/2024\/05\/img-05-entorno-casa-moli-de-montanya-700x700.jpg 700w, https:\/\/www.casaruralelmoli.com\/wp-content\/uploads\/2024\/05\/img-05-entorno-casa-moli-de-montanya-100x100.jpg 100w, https:\/\/www.casaruralelmoli.com\/wp-content\/uploads\/2024\/05\/img-05-entorno-casa-moli-de-montanya.jpg 800w\" sizes=\"(max-width: 394px) 100vw, 394px\" \/><\/a><div class=\"gallery-text\"><div class=\"image-title\">img-05-entorno-casa-moli-de-montanya<\/div><\/div><\/div><div class=\"col-sm-3 col-lg-3\"><a data-toggle=\"lightbox\" data-gallery=\"multiimages\" data-title=\"\"  class=\"thumbnail img-thumbnail\" href='https:\/\/www.casaruralelmoli.com\/wp-content\/uploads\/2024\/05\/img-00-entorno-casa-moli-de-montanya.jpg'><img loading=\"lazy\" decoding=\"async\" width=\"394\" height=\"394\" src=\"https:\/\/www.casaruralelmoli.com\/wp-content\/uploads\/2024\/05\/img-00-entorno-casa-moli-de-montanya-394x394.jpg\" class=\"attachment-th_img_sm_square size-th_img_sm_square\" alt=\"\" srcset=\"https:\/\/www.casaruralelmoli.com\/wp-content\/uploads\/2024\/05\/img-00-entorno-casa-moli-de-montanya-394x394.jpg 394w, https:\/\/www.casaruralelmoli.com\/wp-content\/uploads\/2024\/05\/img-00-entorno-casa-moli-de-montanya-300x300.jpg 300w, https:\/\/www.casaruralelmoli.com\/wp-content\/uploads\/2024\/05\/img-00-entorno-casa-moli-de-montanya-150x150.jpg 150w, https:\/\/www.casaruralelmoli.com\/wp-content\/uploads\/2024\/05\/img-00-entorno-casa-moli-de-montanya-768x768.jpg 768w, https:\/\/www.casaruralelmoli.com\/wp-content\/uploads\/2024\/05\/img-00-entorno-casa-moli-de-montanya-80x80.jpg 80w, https:\/\/www.casaruralelmoli.com\/wp-content\/uploads\/2024\/05\/img-00-entorno-casa-moli-de-montanya-303x303.jpg 303w, https:\/\/www.casaruralelmoli.com\/wp-content\/uploads\/2024\/05\/img-00-entorno-casa-moli-de-montanya-605x605.jpg 605w, https:\/\/www.casaruralelmoli.com\/wp-content\/uploads\/2024\/05\/img-00-entorno-casa-moli-de-montanya-700x700.jpg 700w, https:\/\/www.casaruralelmoli.com\/wp-content\/uploads\/2024\/05\/img-00-entorno-casa-moli-de-montanya-100x100.jpg 100w, https:\/\/www.casaruralelmoli.com\/wp-content\/uploads\/2024\/05\/img-00-entorno-casa-moli-de-montanya.jpg 800w\" sizes=\"(max-width: 394px) 100vw, 394px\" \/><\/a><div class=\"gallery-text\"><div class=\"image-title\">img-00-entorno-casa-moli-de-montanya<\/div><\/div><\/div><div class=\"col-sm-3 col-lg-3\"><a data-toggle=\"lightbox\" data-gallery=\"multiimages\" data-title=\"\"  class=\"thumbnail img-thumbnail\" href='https:\/\/www.casaruralelmoli.com\/wp-content\/uploads\/2024\/05\/img-01-entorno-casa-moli-de-montanya.jpg'><img loading=\"lazy\" decoding=\"async\" width=\"394\" height=\"394\" src=\"https:\/\/www.casaruralelmoli.com\/wp-content\/uploads\/2024\/05\/img-01-entorno-casa-moli-de-montanya-394x394.jpg\" class=\"attachment-th_img_sm_square size-th_img_sm_square\" alt=\"\" srcset=\"https:\/\/www.casaruralelmoli.com\/wp-content\/uploads\/2024\/05\/img-01-entorno-casa-moli-de-montanya-394x394.jpg 394w, https:\/\/www.casaruralelmoli.com\/wp-content\/uploads\/2024\/05\/img-01-entorno-casa-moli-de-montanya-300x300.jpg 300w, https:\/\/www.casaruralelmoli.com\/wp-content\/uploads\/2024\/05\/img-01-entorno-casa-moli-de-montanya-150x150.jpg 150w, https:\/\/www.casaruralelmoli.com\/wp-content\/uploads\/2024\/05\/img-01-entorno-casa-moli-de-montanya-768x768.jpg 768w, https:\/\/www.casaruralelmoli.com\/wp-content\/uploads\/2024\/05\/img-01-entorno-casa-moli-de-montanya-80x80.jpg 80w, https:\/\/www.casaruralelmoli.com\/wp-content\/uploads\/2024\/05\/img-01-entorno-casa-moli-de-montanya-303x303.jpg 303w, https:\/\/www.casaruralelmoli.com\/wp-content\/uploads\/2024\/05\/img-01-entorno-casa-moli-de-montanya-605x605.jpg 605w, https:\/\/www.casaruralelmoli.com\/wp-content\/uploads\/2024\/05\/img-01-entorno-casa-moli-de-montanya-700x700.jpg 700w, https:\/\/www.casaruralelmoli.com\/wp-content\/uploads\/2024\/05\/img-01-entorno-casa-moli-de-montanya-100x100.jpg 100w, https:\/\/www.casaruralelmoli.com\/wp-content\/uploads\/2024\/05\/img-01-entorno-casa-moli-de-montanya.jpg 800w\" sizes=\"(max-width: 394px) 100vw, 394px\" \/><\/a><div class=\"gallery-text\"><div class=\"image-title\">img-01-entorno-casa-moli-de-montanya<\/div><\/div><\/div><div class=\"col-sm-3 col-lg-3\"><a data-toggle=\"lightbox\" data-gallery=\"multiimages\" data-title=\"\"  class=\"thumbnail img-thumbnail\" href='https:\/\/www.casaruralelmoli.com\/wp-content\/uploads\/2024\/05\/img-02-entorno-casa-moli-de-montanya.jpg'><img loading=\"lazy\" decoding=\"async\" width=\"394\" height=\"394\" src=\"https:\/\/www.casaruralelmoli.com\/wp-content\/uploads\/2024\/05\/img-02-entorno-casa-moli-de-montanya-394x394.jpg\" class=\"attachment-th_img_sm_square size-th_img_sm_square\" alt=\"\" srcset=\"https:\/\/www.casaruralelmoli.com\/wp-content\/uploads\/2024\/05\/img-02-entorno-casa-moli-de-montanya-394x394.jpg 394w, https:\/\/www.casaruralelmoli.com\/wp-content\/uploads\/2024\/05\/img-02-entorno-casa-moli-de-montanya-300x300.jpg 300w, https:\/\/www.casaruralelmoli.com\/wp-content\/uploads\/2024\/05\/img-02-entorno-casa-moli-de-montanya-150x150.jpg 150w, https:\/\/www.casaruralelmoli.com\/wp-content\/uploads\/2024\/05\/img-02-entorno-casa-moli-de-montanya-768x768.jpg 768w, https:\/\/www.casaruralelmoli.com\/wp-content\/uploads\/2024\/05\/img-02-entorno-casa-moli-de-montanya-80x80.jpg 80w, https:\/\/www.casaruralelmoli.com\/wp-content\/uploads\/2024\/05\/img-02-entorno-casa-moli-de-montanya-303x303.jpg 303w, https:\/\/www.casaruralelmoli.com\/wp-content\/uploads\/2024\/05\/img-02-entorno-casa-moli-de-montanya-605x605.jpg 605w, https:\/\/www.casaruralelmoli.com\/wp-content\/uploads\/2024\/05\/img-02-entorno-casa-moli-de-montanya-700x700.jpg 700w, https:\/\/www.casaruralelmoli.com\/wp-content\/uploads\/2024\/05\/img-02-entorno-casa-moli-de-montanya-100x100.jpg 100w, https:\/\/www.casaruralelmoli.com\/wp-content\/uploads\/2024\/05\/img-02-entorno-casa-moli-de-montanya.jpg 800w\" sizes=\"(max-width: 394px) 100vw, 394px\" \/><\/a><div class=\"gallery-text\"><div class=\"image-title\">img-02-entorno-casa-moli-de-montanya<\/div><\/div><\/div><\/div><div class=\"row gallery-row\"><div class=\"col-sm-3 col-lg-3\"><a data-toggle=\"lightbox\" data-gallery=\"multiimages\" data-title=\"\"  class=\"thumbnail img-thumbnail\" href='https:\/\/www.casaruralelmoli.com\/wp-content\/uploads\/2024\/05\/img-04-entorno-casa-moli-de-montanya.jpg'><img loading=\"lazy\" decoding=\"async\" width=\"394\" height=\"394\" src=\"https:\/\/www.casaruralelmoli.com\/wp-content\/uploads\/2024\/05\/img-04-entorno-casa-moli-de-montanya-394x394.jpg\" class=\"attachment-th_img_sm_square size-th_img_sm_square\" alt=\"\" srcset=\"https:\/\/www.casaruralelmoli.com\/wp-content\/uploads\/2024\/05\/img-04-entorno-casa-moli-de-montanya-394x394.jpg 394w, https:\/\/www.casaruralelmoli.com\/wp-content\/uploads\/2024\/05\/img-04-entorno-casa-moli-de-montanya-300x300.jpg 300w, https:\/\/www.casaruralelmoli.com\/wp-content\/uploads\/2024\/05\/img-04-entorno-casa-moli-de-montanya-150x150.jpg 150w, https:\/\/www.casaruralelmoli.com\/wp-content\/uploads\/2024\/05\/img-04-entorno-casa-moli-de-montanya-768x768.jpg 768w, https:\/\/www.casaruralelmoli.com\/wp-content\/uploads\/2024\/05\/img-04-entorno-casa-moli-de-montanya-80x80.jpg 80w, https:\/\/www.casaruralelmoli.com\/wp-content\/uploads\/2024\/05\/img-04-entorno-casa-moli-de-montanya-303x303.jpg 303w, https:\/\/www.casaruralelmoli.com\/wp-content\/uploads\/2024\/05\/img-04-entorno-casa-moli-de-montanya-605x605.jpg 605w, https:\/\/www.casaruralelmoli.com\/wp-content\/uploads\/2024\/05\/img-04-entorno-casa-moli-de-montanya-700x700.jpg 700w, https:\/\/www.casaruralelmoli.com\/wp-content\/uploads\/2024\/05\/img-04-entorno-casa-moli-de-montanya-100x100.jpg 100w, https:\/\/www.casaruralelmoli.com\/wp-content\/uploads\/2024\/05\/img-04-entorno-casa-moli-de-montanya.jpg 800w\" sizes=\"(max-width: 394px) 100vw, 394px\" \/><\/a><div class=\"gallery-text\"><div class=\"image-title\">img-04-entorno-casa-moli-de-montanya<\/div><\/div><\/div><div class=\"col-sm-3 col-lg-3\"><a data-toggle=\"lightbox\" data-gallery=\"multiimages\" data-title=\"\"  class=\"thumbnail img-thumbnail\" href='https:\/\/www.casaruralelmoli.com\/wp-content\/uploads\/2024\/05\/img-06-entorno-casa-moli-de-montanya.jpg'><img loading=\"lazy\" decoding=\"async\" width=\"394\" height=\"394\" src=\"https:\/\/www.casaruralelmoli.com\/wp-content\/uploads\/2024\/05\/img-06-entorno-casa-moli-de-montanya-394x394.jpg\" class=\"attachment-th_img_sm_square size-th_img_sm_square\" alt=\"\" srcset=\"https:\/\/www.casaruralelmoli.com\/wp-content\/uploads\/2024\/05\/img-06-entorno-casa-moli-de-montanya-394x394.jpg 394w, https:\/\/www.casaruralelmoli.com\/wp-content\/uploads\/2024\/05\/img-06-entorno-casa-moli-de-montanya-300x300.jpg 300w, https:\/\/www.casaruralelmoli.com\/wp-content\/uploads\/2024\/05\/img-06-entorno-casa-moli-de-montanya-150x150.jpg 150w, https:\/\/www.casaruralelmoli.com\/wp-content\/uploads\/2024\/05\/img-06-entorno-casa-moli-de-montanya-768x768.jpg 768w, https:\/\/www.casaruralelmoli.com\/wp-content\/uploads\/2024\/05\/img-06-entorno-casa-moli-de-montanya-80x80.jpg 80w, https:\/\/www.casaruralelmoli.com\/wp-content\/uploads\/2024\/05\/img-06-entorno-casa-moli-de-montanya-303x303.jpg 303w, https:\/\/www.casaruralelmoli.com\/wp-content\/uploads\/2024\/05\/img-06-entorno-casa-moli-de-montanya-605x605.jpg 605w, https:\/\/www.casaruralelmoli.com\/wp-content\/uploads\/2024\/05\/img-06-entorno-casa-moli-de-montanya-700x700.jpg 700w, https:\/\/www.casaruralelmoli.com\/wp-content\/uploads\/2024\/05\/img-06-entorno-casa-moli-de-montanya-100x100.jpg 100w, https:\/\/www.casaruralelmoli.com\/wp-content\/uploads\/2024\/05\/img-06-entorno-casa-moli-de-montanya.jpg 800w\" sizes=\"(max-width: 394px) 100vw, 394px\" \/><\/a><div class=\"gallery-text\"><div class=\"image-title\">img-06-entorno-casa-moli-de-montanya<\/div><\/div><\/div><div class=\"col-sm-3 col-lg-3\"><a data-toggle=\"lightbox\" data-gallery=\"multiimages\" data-title=\"\"  class=\"thumbnail img-thumbnail\" href='https:\/\/www.casaruralelmoli.com\/wp-content\/uploads\/2024\/05\/img-08-entorno-casa-moli-de-montanya.jpg'><img loading=\"lazy\" decoding=\"async\" width=\"394\" height=\"394\" src=\"https:\/\/www.casaruralelmoli.com\/wp-content\/uploads\/2024\/05\/img-08-entorno-casa-moli-de-montanya-394x394.jpg\" class=\"attachment-th_img_sm_square size-th_img_sm_square\" alt=\"\" srcset=\"https:\/\/www.casaruralelmoli.com\/wp-content\/uploads\/2024\/05\/img-08-entorno-casa-moli-de-montanya-394x394.jpg 394w, https:\/\/www.casaruralelmoli.com\/wp-content\/uploads\/2024\/05\/img-08-entorno-casa-moli-de-montanya-300x300.jpg 300w, https:\/\/www.casaruralelmoli.com\/wp-content\/uploads\/2024\/05\/img-08-entorno-casa-moli-de-montanya-150x150.jpg 150w, https:\/\/www.casaruralelmoli.com\/wp-content\/uploads\/2024\/05\/img-08-entorno-casa-moli-de-montanya-768x768.jpg 768w, https:\/\/www.casaruralelmoli.com\/wp-content\/uploads\/2024\/05\/img-08-entorno-casa-moli-de-montanya-80x80.jpg 80w, https:\/\/www.casaruralelmoli.com\/wp-content\/uploads\/2024\/05\/img-08-entorno-casa-moli-de-montanya-303x303.jpg 303w, https:\/\/www.casaruralelmoli.com\/wp-content\/uploads\/2024\/05\/img-08-entorno-casa-moli-de-montanya-605x605.jpg 605w, https:\/\/www.casaruralelmoli.com\/wp-content\/uploads\/2024\/05\/img-08-entorno-casa-moli-de-montanya-700x700.jpg 700w, https:\/\/www.casaruralelmoli.com\/wp-content\/uploads\/2024\/05\/img-08-entorno-casa-moli-de-montanya-100x100.jpg 100w, https:\/\/www.casaruralelmoli.com\/wp-content\/uploads\/2024\/05\/img-08-entorno-casa-moli-de-montanya.jpg 800w\" sizes=\"(max-width: 394px) 100vw, 394px\" \/><\/a><div class=\"gallery-text\"><div class=\"image-title\">img-08-entorno-casa-moli-de-montanya<\/div><\/div><\/div><div class=\"col-sm-3 col-lg-3\"><a data-toggle=\"lightbox\" data-gallery=\"multiimages\" data-title=\"\"  class=\"thumbnail img-thumbnail\" href='https:\/\/www.casaruralelmoli.com\/wp-content\/uploads\/2024\/05\/img-09-entorno-casa-moli-de-montanya.jpg'><img loading=\"lazy\" decoding=\"async\" width=\"394\" height=\"394\" src=\"https:\/\/www.casaruralelmoli.com\/wp-content\/uploads\/2024\/05\/img-09-entorno-casa-moli-de-montanya-394x394.jpg\" class=\"attachment-th_img_sm_square size-th_img_sm_square\" alt=\"\" srcset=\"https:\/\/www.casaruralelmoli.com\/wp-content\/uploads\/2024\/05\/img-09-entorno-casa-moli-de-montanya-394x394.jpg 394w, https:\/\/www.casaruralelmoli.com\/wp-content\/uploads\/2024\/05\/img-09-entorno-casa-moli-de-montanya-300x300.jpg 300w, https:\/\/www.casaruralelmoli.com\/wp-content\/uploads\/2024\/05\/img-09-entorno-casa-moli-de-montanya-150x150.jpg 150w, https:\/\/www.casaruralelmoli.com\/wp-content\/uploads\/2024\/05\/img-09-entorno-casa-moli-de-montanya-768x768.jpg 768w, https:\/\/www.casaruralelmoli.com\/wp-content\/uploads\/2024\/05\/img-09-entorno-casa-moli-de-montanya-80x80.jpg 80w, https:\/\/www.casaruralelmoli.com\/wp-content\/uploads\/2024\/05\/img-09-entorno-casa-moli-de-montanya-303x303.jpg 303w, https:\/\/www.casaruralelmoli.com\/wp-content\/uploads\/2024\/05\/img-09-entorno-casa-moli-de-montanya-605x605.jpg 605w, https:\/\/www.casaruralelmoli.com\/wp-content\/uploads\/2024\/05\/img-09-entorno-casa-moli-de-montanya-700x700.jpg 700w, https:\/\/www.casaruralelmoli.com\/wp-content\/uploads\/2024\/05\/img-09-entorno-casa-moli-de-montanya-100x100.jpg 100w, https:\/\/www.casaruralelmoli.com\/wp-content\/uploads\/2024\/05\/img-09-entorno-casa-moli-de-montanya.jpg 800w\" sizes=\"(max-width: 394px) 100vw, 394px\" \/><\/a><div class=\"gallery-text\"><div class=\"image-title\">img-09-entorno-casa-moli-de-montanya<\/div><\/div><\/div><\/div><\/div>\t\t<\/div>\n\t\t\t\t<\/div>\n\t\t\t\t<\/div>\n\t\t\t\t\t<\/div>\n\t\t<\/div>\n\t\t\t\t\t<\/div>\n\t\t<\/section>\n\t\t\t\t<section class=\"elementor-section elementor-top-section elementor-element elementor-element-7ddcc9b elementor-section-boxed elementor-section-height-default elementor-section-height-default\" data-id=\"7ddcc9b\" data-element_type=\"section\" data-settings=\"{&quot;background_background&quot;:&quot;classic&quot;}\">\n\t\t\t\t\t\t<div class=\"elementor-container elementor-column-gap-no\">\n\t\t\t\t\t<div class=\"elementor-column elementor-col-100 elementor-top-column elementor-element elementor-element-3f3a988\" data-id=\"3f3a988\" data-element_type=\"column\">\n\t\t\t<div class=\"elementor-widget-wrap elementor-element-populated\">\n\t\t\t\t\t\t<div class=\"elementor-element elementor-element-6229f91 elementor-view-default elementor-position-top elementor-widget elementor-widget-themo-header\" data-id=\"6229f91\" data-element_type=\"widget\" data-widget_type=\"themo-header.default\">\n\t\t\t\t<div class=\"elementor-widget-container\">\n\t\t\t\t\t<div class=\"th-header-wrap\">\n        <div class=\"elementor-icon-box-wrapper \">\n                            <div class=\"elementor-icon-box-content\">\n                    <h4 class=\"elementor-icon-box-title\">\n                        Descobriu l'ess\u00e8ncia de Mol\u00ed de Montany\u00e0                    <\/h4>\n                                        <p class=\"elementor-icon-box-description\"><\/p>\n\n                                    <\/div>\n            <\/div>\n\n        <\/div>\n\n\t\t\t\t<\/div>\n\t\t\t\t<\/div>\n\t\t\t\t<div class=\"elementor-element elementor-element-1a87895 elementor-view-default elementor-position-top elementor-widget elementor-widget-themo-header\" data-id=\"1a87895\" data-element_type=\"widget\" data-widget_type=\"themo-header.default\">\n\t\t\t\t<div class=\"elementor-widget-container\">\n\t\t\t\t\t<div class=\"th-header-wrap\">\n        <div class=\"elementor-icon-box-wrapper \">\n                            <div class=\"elementor-icon-box-content\">\n                    <h3 class=\"elementor-icon-box-title\">\n                        Descansa, relaxa't i recarrega energies al nostre parad\u00eds rural.                    <\/h3>\n                                        <p class=\"elementor-icon-box-description\"><\/p>\n\n                                    <\/div>\n            <\/div>\n\n        <\/div>\n\n\t\t\t\t<\/div>\n\t\t\t\t<\/div>\n\t\t\t\t<div class=\"elementor-element elementor-element-ffe1696 elementor-widget elementor-widget-text-editor\" data-id=\"ffe1696\" data-element_type=\"widget\" data-widget_type=\"text-editor.default\">\n\t\t\t\t<div class=\"elementor-widget-container\">\n\t\t\t<style>\/*! elementor - v3.19.0 - 28-02-2024 *\/\n.elementor-widget-text-editor.elementor-drop-cap-view-stacked .elementor-drop-cap{background-color:#69727d;color:#fff}.elementor-widget-text-editor.elementor-drop-cap-view-framed .elementor-drop-cap{color:#69727d;border:3px solid;background-color:transparent}.elementor-widget-text-editor:not(.elementor-drop-cap-view-default) .elementor-drop-cap{margin-top:8px}.elementor-widget-text-editor:not(.elementor-drop-cap-view-default) .elementor-drop-cap-letter{width:1em;height:1em}.elementor-widget-text-editor .elementor-drop-cap{float:left;text-align:center;line-height:1;font-size:50px}.elementor-widget-text-editor .elementor-drop-cap-letter{display:inline-block}<\/style>\t\t\t\t<div class=\"elementor-element elementor-element-3726bf9 elementor-widget elementor-widget-text-editor\" data-id=\"3726bf9\" data-element_type=\"widget\" data-widget_type=\"text-editor.default\">\n<div class=\"elementor-widget-container\">\n<p><strong>No cerquis m\u00e9s, aqu\u00ed tens el teu lloc ideal<\/strong> per escapar de l&#8217;enrenou i renovar-te completament. <strong>A Mol\u00ed de Montany\u00e0<\/strong>, us oferim m\u00e9s que una simple escapada; et donem una <strong>experi\u00e8ncia de benestar total.<\/strong><\/p>\n<\/div>\n<\/div>\n\t\t\t\t\t\t<\/div>\n\t\t\t\t<\/div>\n\t\t\t\t<div class=\"elementor-element elementor-element-3ff6d03 th-btn-align-center elementor-widget elementor-widget-themo-button\" data-id=\"3ff6d03\" data-element_type=\"widget\" data-widget_type=\"themo-button.default\">\n\t\t\t\t<div class=\"elementor-widget-container\">\n\t\t\t\n                \t\t\t<a class=\"btn-1 btn th-btn btn-standard-dark\" href=\"https:\/\/www.casaruralelmoli.com\/reservas-contacto\/\">\n\t\t\t\t\t\t\t\t\tReserva ara\t\t\t\t\t\t\t<\/a>\n\t\t\n        \n\t\t\t\t<\/div>\n\t\t\t\t<\/div>\n\t\t\t\t\t<\/div>\n\t\t<\/div>\n\t\t\t\t\t<\/div>\n\t\t<\/section>\n\t\t\t\t<\/div>\n\t\t","protected":false},"excerpt":{"rendered":"<p>Galeria de fotos Explora la nostra col\u00b7lecci\u00f3 de fotos i comen\u00e7a a planificar la teva propera aventura amb nosaltres. Mol\u00ed de Montany\u00e0 Galeria exteriors: img-07-exterior-casa-moli-de-montanyaimg-09-exterior-casa-moli-de-montanyaimg-05-exterior-casa-moli-de-montanyaimg-06-exterior-casa-moli-de-montanyaimg-11-exterior-casa-moli-de-montanyaimg-10-exterior-casa-moli-de-montanyaimg-02-exterior-casa-moli-de-montanyaimg-03-exterior-casa-moli-de-montanyaimg-01-exterior-casa-moli-de-montanyaimg-00-exterior-casa-moli-de-montanyaimg-04-exterior-casa-moli-de-montanyaimg-08-exterior-casa-moli-de-montanya Galeria interiors: img-01-interior-casa-moli-de-montanyaimg-11-interior-casa-moli-de-montanyaimg-02-interior-casa-moli-de-montanyaimg-10-interior-casa-moli-de-montanyaimg-05-interior-casa-moli-de-montanyaimg-07-interior-casa-moli-de-montanyaimg-08-interior-casa-moli-de-montanyaimg-04-interior-casa-moli-de-montanyaimg-09-interior-casa-moli-de-montanyaimg-06-interior-casa-moli-de-montanyaimg-03-interior-casa-moli-de-montanyaimg-00-interior-casa-moli-de-montanya Galeria de l&#8217;entorn: img-07-entorno-casa-moli-de-montanyaimg-10-entorno-casa-moli-de-montanyaimg-11-entorno-casa-moli-de-montanyaimg-03-entorno-casa-moli-de-montanyaimg-05-entorno-casa-moli-de-montanyaimg-00-entorno-casa-moli-de-montanyaimg-01-entorno-casa-moli-de-montanyaimg-02-entorno-casa-moli-de-montanyaimg-04-entorno-casa-moli-de-montanyaimg-06-entorno-casa-moli-de-montanyaimg-08-entorno-casa-moli-de-montanyaimg-09-entorno-casa-moli-de-montanya Descobriu l&#8217;ess\u00e8ncia de Mol\u00ed de Montany\u00e0 Descansa, relaxa&#8217;t &hellip; <a href=\"https:\/\/www.casaruralelmoli.com\/ca\/galeria\/\">Read More<\/a><\/p>\n","protected":false},"author":1,"featured_media":0,"parent":0,"menu_order":0,"comment_status":"closed","ping_status":"closed","template":"","meta":{"footnotes":""},"class_list":["post-1145","page","type-page","status-publish","hentry"],"yoast_head":"<!-- This site is optimized with the Yoast SEO plugin v27.2 - https:\/\/yoast.com\/product\/yoast-seo-wordpress\/ -->\n<title>Galeria - Casa Rural el Mol\u00ed de Montany\u00e0<\/title>\n<meta name=\"robots\" content=\"index, follow, max-snippet:-1, max-image-preview:large, max-video-preview:-1\" \/>\n<link rel=\"canonical\" href=\"https:\/\/www.casaruralelmoli.com\/ca\/galeria\/\" \/>\n<meta property=\"og:locale\" content=\"ca_ES\" \/>\n<meta property=\"og:type\" content=\"article\" \/>\n<meta property=\"og:title\" content=\"Galeria - Casa Rural el Mol\u00ed de Montany\u00e0\" \/>\n<meta property=\"og:description\" content=\"Galeria de fotos Explora la nostra col\u00b7lecci\u00f3 de fotos i comen\u00e7a a planificar la teva propera aventura amb nosaltres. Mol\u00ed de Montany\u00e0 Galeria exteriors: img-07-exterior-casa-moli-de-montanyaimg-09-exterior-casa-moli-de-montanyaimg-05-exterior-casa-moli-de-montanyaimg-06-exterior-casa-moli-de-montanyaimg-11-exterior-casa-moli-de-montanyaimg-10-exterior-casa-moli-de-montanyaimg-02-exterior-casa-moli-de-montanyaimg-03-exterior-casa-moli-de-montanyaimg-01-exterior-casa-moli-de-montanyaimg-00-exterior-casa-moli-de-montanyaimg-04-exterior-casa-moli-de-montanyaimg-08-exterior-casa-moli-de-montanya Galeria interiors: img-01-interior-casa-moli-de-montanyaimg-11-interior-casa-moli-de-montanyaimg-02-interior-casa-moli-de-montanyaimg-10-interior-casa-moli-de-montanyaimg-05-interior-casa-moli-de-montanyaimg-07-interior-casa-moli-de-montanyaimg-08-interior-casa-moli-de-montanyaimg-04-interior-casa-moli-de-montanyaimg-09-interior-casa-moli-de-montanyaimg-06-interior-casa-moli-de-montanyaimg-03-interior-casa-moli-de-montanyaimg-00-interior-casa-moli-de-montanya Galeria de l&#8217;entorn: img-07-entorno-casa-moli-de-montanyaimg-10-entorno-casa-moli-de-montanyaimg-11-entorno-casa-moli-de-montanyaimg-03-entorno-casa-moli-de-montanyaimg-05-entorno-casa-moli-de-montanyaimg-00-entorno-casa-moli-de-montanyaimg-01-entorno-casa-moli-de-montanyaimg-02-entorno-casa-moli-de-montanyaimg-04-entorno-casa-moli-de-montanyaimg-06-entorno-casa-moli-de-montanyaimg-08-entorno-casa-moli-de-montanyaimg-09-entorno-casa-moli-de-montanya Descobriu l&#8217;ess\u00e8ncia de Mol\u00ed de Montany\u00e0 Descansa, relaxa&#8217;t &hellip; Read More\" \/>\n<meta property=\"og:url\" content=\"https:\/\/www.casaruralelmoli.com\/ca\/galeria\/\" \/>\n<meta property=\"og:site_name\" content=\"Casa Rural el Mol\u00ed de Montany\u00e0\" \/>\n<meta property=\"article:modified_time\" content=\"2024-05-15T16:58:10+00:00\" \/>\n<meta property=\"og:image\" content=\"https:\/\/www.casaruralelmoli.com\/wp-content\/uploads\/2024\/05\/img-07-exterior-casa-moli-de-montanya-394x394.jpg\" \/>\n<meta name=\"twitter:card\" content=\"summary_large_image\" \/>\n<meta name=\"twitter:label1\" content=\"Temps estimat de lectura\" \/>\n\t<meta name=\"twitter:data1\" content=\"1 minut\" \/>\n<script type=\"application\/ld+json\" class=\"yoast-schema-graph\">{\"@context\":\"https:\/\/schema.org\",\"@graph\":[{\"@type\":\"WebPage\",\"@id\":\"https:\/\/www.casaruralelmoli.com\/ca\/galeria\/\",\"url\":\"https:\/\/www.casaruralelmoli.com\/ca\/galeria\/\",\"name\":\"Galeria - Casa Rural el Mol\u00ed de Montany\u00e0\",\"isPartOf\":{\"@id\":\"https:\/\/www.casaruralelmoli.com\/ca\/#website\"},\"primaryImageOfPage\":{\"@id\":\"https:\/\/www.casaruralelmoli.com\/ca\/galeria\/#primaryimage\"},\"image\":{\"@id\":\"https:\/\/www.casaruralelmoli.com\/ca\/galeria\/#primaryimage\"},\"thumbnailUrl\":\"https:\/\/www.casaruralelmoli.com\/wp-content\/uploads\/2024\/05\/img-07-exterior-casa-moli-de-montanya-394x394.jpg\",\"datePublished\":\"2022-02-17T20:18:35+00:00\",\"dateModified\":\"2024-05-15T16:58:10+00:00\",\"breadcrumb\":{\"@id\":\"https:\/\/www.casaruralelmoli.com\/ca\/galeria\/#breadcrumb\"},\"inLanguage\":\"ca\",\"potentialAction\":[{\"@type\":\"ReadAction\",\"target\":[\"https:\/\/www.casaruralelmoli.com\/ca\/galeria\/\"]}]},{\"@type\":\"ImageObject\",\"inLanguage\":\"ca\",\"@id\":\"https:\/\/www.casaruralelmoli.com\/ca\/galeria\/#primaryimage\",\"url\":\"https:\/\/www.casaruralelmoli.com\/wp-content\/uploads\/2024\/05\/img-07-exterior-casa-moli-de-montanya-394x394.jpg\",\"contentUrl\":\"https:\/\/www.casaruralelmoli.com\/wp-content\/uploads\/2024\/05\/img-07-exterior-casa-moli-de-montanya-394x394.jpg\"},{\"@type\":\"BreadcrumbList\",\"@id\":\"https:\/\/www.casaruralelmoli.com\/ca\/galeria\/#breadcrumb\",\"itemListElement\":[{\"@type\":\"ListItem\",\"position\":1,\"name\":\"Portada\",\"item\":\"https:\/\/www.casaruralelmoli.com\/ca\/inici\/\"},{\"@type\":\"ListItem\",\"position\":2,\"name\":\"Galeria\"}]},{\"@type\":\"WebSite\",\"@id\":\"https:\/\/www.casaruralelmoli.com\/ca\/#website\",\"url\":\"https:\/\/www.casaruralelmoli.com\/ca\/\",\"name\":\"Casa Rural el Mol\u00ed de Montany\u00e0\",\"description\":\"\",\"publisher\":{\"@id\":\"https:\/\/www.casaruralelmoli.com\/ca\/#organization\"},\"potentialAction\":[{\"@type\":\"SearchAction\",\"target\":{\"@type\":\"EntryPoint\",\"urlTemplate\":\"https:\/\/www.casaruralelmoli.com\/ca\/?s={search_term_string}\"},\"query-input\":{\"@type\":\"PropertyValueSpecification\",\"valueRequired\":true,\"valueName\":\"search_term_string\"}}],\"inLanguage\":\"ca\"},{\"@type\":\"Organization\",\"@id\":\"https:\/\/www.casaruralelmoli.com\/ca\/#organization\",\"name\":\"Casa Rural el Mol\u00ed de Montany\u00e0\",\"url\":\"https:\/\/www.casaruralelmoli.com\/ca\/\",\"logo\":{\"@type\":\"ImageObject\",\"inLanguage\":\"ca\",\"@id\":\"https:\/\/www.casaruralelmoli.com\/ca\/#\/schema\/logo\/image\/\",\"url\":\"https:\/\/www.casaruralelmoli.com\/wp-content\/uploads\/2021\/10\/Logo_black_600x246-e1621351393118.png\",\"contentUrl\":\"https:\/\/www.casaruralelmoli.com\/wp-content\/uploads\/2021\/10\/Logo_black_600x246-e1621351393118.png\",\"width\":250,\"height\":103,\"caption\":\"Casa Rural el Mol\u00ed de Montany\u00e0\"},\"image\":{\"@id\":\"https:\/\/www.casaruralelmoli.com\/ca\/#\/schema\/logo\/image\/\"}}]}<\/script>\n<!-- \/ Yoast SEO plugin. -->","yoast_head_json":{"title":"Galeria - Casa Rural el Mol\u00ed de Montany\u00e0","robots":{"index":"index","follow":"follow","max-snippet":"max-snippet:-1","max-image-preview":"max-image-preview:large","max-video-preview":"max-video-preview:-1"},"canonical":"https:\/\/www.casaruralelmoli.com\/ca\/galeria\/","og_locale":"ca_ES","og_type":"article","og_title":"Galeria - Casa Rural el Mol\u00ed de Montany\u00e0","og_description":"Galeria de fotos Explora la nostra col\u00b7lecci\u00f3 de fotos i comen\u00e7a a planificar la teva propera aventura amb nosaltres. Mol\u00ed de Montany\u00e0 Galeria exteriors: img-07-exterior-casa-moli-de-montanyaimg-09-exterior-casa-moli-de-montanyaimg-05-exterior-casa-moli-de-montanyaimg-06-exterior-casa-moli-de-montanyaimg-11-exterior-casa-moli-de-montanyaimg-10-exterior-casa-moli-de-montanyaimg-02-exterior-casa-moli-de-montanyaimg-03-exterior-casa-moli-de-montanyaimg-01-exterior-casa-moli-de-montanyaimg-00-exterior-casa-moli-de-montanyaimg-04-exterior-casa-moli-de-montanyaimg-08-exterior-casa-moli-de-montanya Galeria interiors: img-01-interior-casa-moli-de-montanyaimg-11-interior-casa-moli-de-montanyaimg-02-interior-casa-moli-de-montanyaimg-10-interior-casa-moli-de-montanyaimg-05-interior-casa-moli-de-montanyaimg-07-interior-casa-moli-de-montanyaimg-08-interior-casa-moli-de-montanyaimg-04-interior-casa-moli-de-montanyaimg-09-interior-casa-moli-de-montanyaimg-06-interior-casa-moli-de-montanyaimg-03-interior-casa-moli-de-montanyaimg-00-interior-casa-moli-de-montanya Galeria de l&#8217;entorn: img-07-entorno-casa-moli-de-montanyaimg-10-entorno-casa-moli-de-montanyaimg-11-entorno-casa-moli-de-montanyaimg-03-entorno-casa-moli-de-montanyaimg-05-entorno-casa-moli-de-montanyaimg-00-entorno-casa-moli-de-montanyaimg-01-entorno-casa-moli-de-montanyaimg-02-entorno-casa-moli-de-montanyaimg-04-entorno-casa-moli-de-montanyaimg-06-entorno-casa-moli-de-montanyaimg-08-entorno-casa-moli-de-montanyaimg-09-entorno-casa-moli-de-montanya Descobriu l&#8217;ess\u00e8ncia de Mol\u00ed de Montany\u00e0 Descansa, relaxa&#8217;t &hellip; Read More","og_url":"https:\/\/www.casaruralelmoli.com\/ca\/galeria\/","og_site_name":"Casa Rural el Mol\u00ed de Montany\u00e0","article_modified_time":"2024-05-15T16:58:10+00:00","og_image":[{"url":"https:\/\/www.casaruralelmoli.com\/wp-content\/uploads\/2024\/05\/img-07-exterior-casa-moli-de-montanya-394x394.jpg","type":"","width":"","height":""}],"twitter_card":"summary_large_image","twitter_misc":{"Temps estimat de lectura":"1 minut"},"schema":{"@context":"https:\/\/schema.org","@graph":[{"@type":"WebPage","@id":"https:\/\/www.casaruralelmoli.com\/ca\/galeria\/","url":"https:\/\/www.casaruralelmoli.com\/ca\/galeria\/","name":"Galeria - Casa Rural el Mol\u00ed de Montany\u00e0","isPartOf":{"@id":"https:\/\/www.casaruralelmoli.com\/ca\/#website"},"primaryImageOfPage":{"@id":"https:\/\/www.casaruralelmoli.com\/ca\/galeria\/#primaryimage"},"image":{"@id":"https:\/\/www.casaruralelmoli.com\/ca\/galeria\/#primaryimage"},"thumbnailUrl":"https:\/\/www.casaruralelmoli.com\/wp-content\/uploads\/2024\/05\/img-07-exterior-casa-moli-de-montanya-394x394.jpg","datePublished":"2022-02-17T20:18:35+00:00","dateModified":"2024-05-15T16:58:10+00:00","breadcrumb":{"@id":"https:\/\/www.casaruralelmoli.com\/ca\/galeria\/#breadcrumb"},"inLanguage":"ca","potentialAction":[{"@type":"ReadAction","target":["https:\/\/www.casaruralelmoli.com\/ca\/galeria\/"]}]},{"@type":"ImageObject","inLanguage":"ca","@id":"https:\/\/www.casaruralelmoli.com\/ca\/galeria\/#primaryimage","url":"https:\/\/www.casaruralelmoli.com\/wp-content\/uploads\/2024\/05\/img-07-exterior-casa-moli-de-montanya-394x394.jpg","contentUrl":"https:\/\/www.casaruralelmoli.com\/wp-content\/uploads\/2024\/05\/img-07-exterior-casa-moli-de-montanya-394x394.jpg"},{"@type":"BreadcrumbList","@id":"https:\/\/www.casaruralelmoli.com\/ca\/galeria\/#breadcrumb","itemListElement":[{"@type":"ListItem","position":1,"name":"Portada","item":"https:\/\/www.casaruralelmoli.com\/ca\/inici\/"},{"@type":"ListItem","position":2,"name":"Galeria"}]},{"@type":"WebSite","@id":"https:\/\/www.casaruralelmoli.com\/ca\/#website","url":"https:\/\/www.casaruralelmoli.com\/ca\/","name":"Casa Rural el Mol\u00ed de Montany\u00e0","description":"","publisher":{"@id":"https:\/\/www.casaruralelmoli.com\/ca\/#organization"},"potentialAction":[{"@type":"SearchAction","target":{"@type":"EntryPoint","urlTemplate":"https:\/\/www.casaruralelmoli.com\/ca\/?s={search_term_string}"},"query-input":{"@type":"PropertyValueSpecification","valueRequired":true,"valueName":"search_term_string"}}],"inLanguage":"ca"},{"@type":"Organization","@id":"https:\/\/www.casaruralelmoli.com\/ca\/#organization","name":"Casa Rural el Mol\u00ed de Montany\u00e0","url":"https:\/\/www.casaruralelmoli.com\/ca\/","logo":{"@type":"ImageObject","inLanguage":"ca","@id":"https:\/\/www.casaruralelmoli.com\/ca\/#\/schema\/logo\/image\/","url":"https:\/\/www.casaruralelmoli.com\/wp-content\/uploads\/2021\/10\/Logo_black_600x246-e1621351393118.png","contentUrl":"https:\/\/www.casaruralelmoli.com\/wp-content\/uploads\/2021\/10\/Logo_black_600x246-e1621351393118.png","width":250,"height":103,"caption":"Casa Rural el Mol\u00ed de Montany\u00e0"},"image":{"@id":"https:\/\/www.casaruralelmoli.com\/ca\/#\/schema\/logo\/image\/"}}]}},"_links":{"self":[{"href":"https:\/\/www.casaruralelmoli.com\/ca\/wp-json\/wp\/v2\/pages\/1145","targetHints":{"allow":["GET"]}}],"collection":[{"href":"https:\/\/www.casaruralelmoli.com\/ca\/wp-json\/wp\/v2\/pages"}],"about":[{"href":"https:\/\/www.casaruralelmoli.com\/ca\/wp-json\/wp\/v2\/types\/page"}],"author":[{"embeddable":true,"href":"https:\/\/www.casaruralelmoli.com\/ca\/wp-json\/wp\/v2\/users\/1"}],"replies":[{"embeddable":true,"href":"https:\/\/www.casaruralelmoli.com\/ca\/wp-json\/wp\/v2\/comments?post=1145"}],"version-history":[{"count":5,"href":"https:\/\/www.casaruralelmoli.com\/ca\/wp-json\/wp\/v2\/pages\/1145\/revisions"}],"predecessor-version":[{"id":1366,"href":"https:\/\/www.casaruralelmoli.com\/ca\/wp-json\/wp\/v2\/pages\/1145\/revisions\/1366"}],"wp:attachment":[{"href":"https:\/\/www.casaruralelmoli.com\/ca\/wp-json\/wp\/v2\/media?parent=1145"}],"curies":[{"name":"wp","href":"https:\/\/api.w.org\/{rel}","templated":true}]}}