{"id":1178,"date":"2024-04-15T16:00:19","date_gmt":"2024-04-15T16:00:19","guid":{"rendered":"https:\/\/www.casaruralelmoli.com\/politica-de-privadesa\/"},"modified":"2024-05-11T11:02:40","modified_gmt":"2024-05-11T11:02:40","slug":"politica-de-privadesa","status":"publish","type":"page","link":"https:\/\/www.casaruralelmoli.com\/ca\/politica-de-privadesa\/","title":{"rendered":"Pol\u00edtica de privadesa"},"content":{"rendered":"\t\t<div data-elementor-type=\"wp-page\" data-elementor-id=\"1178\" class=\"elementor elementor-1178 elementor-3\" data-elementor-post-type=\"page\">\n\t\t\t\t\t\t<section class=\"elementor-section elementor-top-section elementor-element elementor-element-5c9f369 elementor-section-boxed elementor-section-height-default elementor-section-height-default\" data-id=\"5c9f369\" data-element_type=\"section\">\n\t\t\t\t\t\t<div class=\"elementor-container elementor-column-gap-default\">\n\t\t\t\t\t<div class=\"elementor-column elementor-col-100 elementor-top-column elementor-element elementor-element-4c435ff\" data-id=\"4c435ff\" data-element_type=\"column\">\n\t\t\t<div class=\"elementor-widget-wrap elementor-element-populated\">\n\t\t\t\t\t\t<div class=\"elementor-element elementor-element-26a6f36 elementor-widget elementor-widget-spacer\" data-id=\"26a6f36\" data-element_type=\"widget\" data-widget_type=\"spacer.default\">\n\t\t\t\t<div class=\"elementor-widget-container\">\n\t\t\t<style>\/*! elementor - v3.19.0 - 28-02-2024 *\/\n.elementor-column .elementor-spacer-inner{height:var(--spacer-size)}.e-con{--container-widget-width:100%}.e-con-inner>.elementor-widget-spacer,.e-con>.elementor-widget-spacer{width:var(--container-widget-width,var(--spacer-size));--align-self:var(--container-widget-align-self,initial);--flex-shrink:0}.e-con-inner>.elementor-widget-spacer>.elementor-widget-container,.e-con>.elementor-widget-spacer>.elementor-widget-container{height:100%;width:100%}.e-con-inner>.elementor-widget-spacer>.elementor-widget-container>.elementor-spacer,.e-con>.elementor-widget-spacer>.elementor-widget-container>.elementor-spacer{height:100%}.e-con-inner>.elementor-widget-spacer>.elementor-widget-container>.elementor-spacer>.elementor-spacer-inner,.e-con>.elementor-widget-spacer>.elementor-widget-container>.elementor-spacer>.elementor-spacer-inner{height:var(--container-widget-height,var(--spacer-size))}.e-con-inner>.elementor-widget-spacer.elementor-widget-empty,.e-con>.elementor-widget-spacer.elementor-widget-empty{position:relative;min-height:22px;min-width:22px}.e-con-inner>.elementor-widget-spacer.elementor-widget-empty .elementor-widget-empty-icon,.e-con>.elementor-widget-spacer.elementor-widget-empty .elementor-widget-empty-icon{position:absolute;top:0;bottom:0;left:0;right:0;margin:auto;padding:0;width:22px;height:22px}<\/style>\t\t<div class=\"elementor-spacer\">\n\t\t\t<div class=\"elementor-spacer-inner\"><\/div>\n\t\t<\/div>\n\t\t\t\t<\/div>\n\t\t\t\t<\/div>\n\t\t\t\t\t<\/div>\n\t\t<\/div>\n\t\t\t\t\t<\/div>\n\t\t<\/section>\n\t\t\t\t<section class=\"elementor-section elementor-top-section elementor-element elementor-element-ba42f2 elementor-section-boxed elementor-section-height-default elementor-section-height-default\" data-id=\"ba42f2\" data-element_type=\"section\">\n\t\t\t\t\t\t<div class=\"elementor-container elementor-column-gap-default\">\n\t\t\t\t\t<div class=\"elementor-column elementor-col-100 elementor-top-column elementor-element elementor-element-e3c85ca\" data-id=\"e3c85ca\" data-element_type=\"column\">\n\t\t\t<div class=\"elementor-widget-wrap elementor-element-populated\">\n\t\t\t\t\t\t<div class=\"elementor-element elementor-element-7981527 elementor-widget elementor-widget-heading\" data-id=\"7981527\" data-element_type=\"widget\" data-widget_type=\"heading.default\">\n\t\t\t\t<div class=\"elementor-widget-container\">\n\t\t\t<style>\/*! elementor - v3.19.0 - 28-02-2024 *\/\n.elementor-heading-title{padding:0;margin:0;line-height:1}.elementor-widget-heading .elementor-heading-title[class*=elementor-size-]>a{color:inherit;font-size:inherit;line-height:inherit}.elementor-widget-heading .elementor-heading-title.elementor-size-small{font-size:15px}.elementor-widget-heading .elementor-heading-title.elementor-size-medium{font-size:19px}.elementor-widget-heading .elementor-heading-title.elementor-size-large{font-size:29px}.elementor-widget-heading .elementor-heading-title.elementor-size-xl{font-size:39px}.elementor-widget-heading .elementor-heading-title.elementor-size-xxl{font-size:59px}<\/style><h4 class=\"elementor-heading-title elementor-size-default\">Pol\u00edtica de privadesa<\/h4>\t\t<\/div>\n\t\t\t\t<\/div>\n\t\t\t\t<div class=\"elementor-element elementor-element-928e306 elementor-widget elementor-widget-spacer\" data-id=\"928e306\" data-element_type=\"widget\" data-widget_type=\"spacer.default\">\n\t\t\t\t<div class=\"elementor-widget-container\">\n\t\t\t\t\t<div class=\"elementor-spacer\">\n\t\t\t<div class=\"elementor-spacer-inner\"><\/div>\n\t\t<\/div>\n\t\t\t\t<\/div>\n\t\t\t\t<\/div>\n\t\t\t\t<div class=\"elementor-element elementor-element-c01d8a1 elementor-widget elementor-widget-heading\" data-id=\"c01d8a1\" data-element_type=\"widget\" data-widget_type=\"heading.default\">\n\t\t\t\t<div class=\"elementor-widget-container\">\n\t\t\t<h6 class=\"elementor-heading-title elementor-size-default\">Introducci\u00f3<\/h6>\t\t<\/div>\n\t\t\t\t<\/div>\n\t\t\t\t<div class=\"elementor-element elementor-element-b66959d elementor-widget elementor-widget-spacer\" data-id=\"b66959d\" data-element_type=\"widget\" data-widget_type=\"spacer.default\">\n\t\t\t\t<div class=\"elementor-widget-container\">\n\t\t\t\t\t<div class=\"elementor-spacer\">\n\t\t\t<div class=\"elementor-spacer-inner\"><\/div>\n\t\t<\/div>\n\t\t\t\t<\/div>\n\t\t\t\t<\/div>\n\t\t\t\t<div class=\"elementor-element elementor-element-2866973 elementor-widget elementor-widget-text-editor\" data-id=\"2866973\" data-element_type=\"widget\" data-widget_type=\"text-editor.default\">\n\t\t\t\t<div class=\"elementor-widget-container\">\n\t\t\t<style>\/*! elementor - v3.19.0 - 28-02-2024 *\/\n.elementor-widget-text-editor.elementor-drop-cap-view-stacked .elementor-drop-cap{background-color:#69727d;color:#fff}.elementor-widget-text-editor.elementor-drop-cap-view-framed .elementor-drop-cap{color:#69727d;border:3px solid;background-color:transparent}.elementor-widget-text-editor:not(.elementor-drop-cap-view-default) .elementor-drop-cap{margin-top:8px}.elementor-widget-text-editor:not(.elementor-drop-cap-view-default) .elementor-drop-cap-letter{width:1em;height:1em}.elementor-widget-text-editor .elementor-drop-cap{float:left;text-align:center;line-height:1;font-size:50px}.elementor-widget-text-editor .elementor-drop-cap-letter{display:inline-block}<\/style>\t\t\t\t<p>A continuaci\u00f3 us informem de la pol\u00edtica de privadesa de Ramona Divins, d&#8217;acord amb la normativa del Reglament (UE) 2016\/679 del Parlament Europeu i del Consell, de 27 d&#8217;abril de 2016, relatiu a la protecci\u00f3 de les persones f\u00edsiques pel respecte al tractament de dades personals ia la lliure circulaci\u00f3 d&#8217;aquestes dades i pel qual es deroga la Directiva 95\/46\/CE (Reglament General de Protecci\u00f3 de Dades, en endavant \u00abRGPD\u00bb).<\/p>\n\t\t\t\t\t\t<\/div>\n\t\t\t\t<\/div>\n\t\t\t\t<div class=\"elementor-element elementor-element-2cce90c elementor-widget elementor-widget-spacer\" data-id=\"2cce90c\" data-element_type=\"widget\" data-widget_type=\"spacer.default\">\n\t\t\t\t<div class=\"elementor-widget-container\">\n\t\t\t\t\t<div class=\"elementor-spacer\">\n\t\t\t<div class=\"elementor-spacer-inner\"><\/div>\n\t\t<\/div>\n\t\t\t\t<\/div>\n\t\t\t\t<\/div>\n\t\t\t\t\t<\/div>\n\t\t<\/div>\n\t\t\t\t\t<\/div>\n\t\t<\/section>\n\t\t\t\t<section class=\"elementor-section elementor-top-section elementor-element elementor-element-52de2bb elementor-section-boxed elementor-section-height-default elementor-section-height-default\" data-id=\"52de2bb\" data-element_type=\"section\">\n\t\t\t\t\t\t<div class=\"elementor-container elementor-column-gap-default\">\n\t\t\t\t\t<div class=\"elementor-column elementor-col-100 elementor-top-column elementor-element elementor-element-5266b91\" data-id=\"5266b91\" data-element_type=\"column\">\n\t\t\t<div class=\"elementor-widget-wrap elementor-element-populated\">\n\t\t\t\t\t\t<div class=\"elementor-element elementor-element-b3ae7bc elementor-widget elementor-widget-heading\" data-id=\"b3ae7bc\" data-element_type=\"widget\" data-widget_type=\"heading.default\">\n\t\t\t\t<div class=\"elementor-widget-container\">\n\t\t\t<h6 class=\"elementor-heading-title elementor-size-default\">Entitat responsable<\/h6>\t\t<\/div>\n\t\t\t\t<\/div>\n\t\t\t\t<div class=\"elementor-element elementor-element-ac86f16 elementor-widget elementor-widget-spacer\" data-id=\"ac86f16\" data-element_type=\"widget\" data-widget_type=\"spacer.default\">\n\t\t\t\t<div class=\"elementor-widget-container\">\n\t\t\t\t\t<div class=\"elementor-spacer\">\n\t\t\t<div class=\"elementor-spacer-inner\"><\/div>\n\t\t<\/div>\n\t\t\t\t<\/div>\n\t\t\t\t<\/div>\n\t\t\t\t<div class=\"elementor-element elementor-element-2578bbd elementor-widget elementor-widget-text-editor\" data-id=\"2578bbd\" data-element_type=\"widget\" data-widget_type=\"text-editor.default\">\n\t\t\t\t<div class=\"elementor-widget-container\">\n\t\t\t\t\t\t\tLa persona responsable de la protecci\u00f3 de dades \u00e9s qui s&#8217;encarrega del compliment de la normativa de protecci\u00f3 de dades; entre les seves funcions hi ha la de protegir les dades personals que hagi proporcionat a Ramona Divins. Si teniu qualsevol dubte, consulta o petici\u00f3 sobre el tema, podeu escriure a <a href=\"mailto:info@casaruralelmoli.com\" target=\"_blank\" rel=\"noopener\">info@casaruralelmoli.com<\/a>.\r\n\r\nEl web de Ramona Divins est\u00e0 constitu\u00eft segons la Llei 7\/1997, del 18 de juny, d&#8217;associacions (DOG 2423, d&#8217;1 de juliol) i la Llei org\u00e0nica 1\/2002, del 22 de mar\u00e7, reguladora del dret d&#8217;associaci\u00f3 (BOE n\u00fam. 73, de 26 de mar\u00e7) i els seus estatuts.\r\n\r\nEls llocs web i adreces URL derivades de <a href=\"http:\/\/www.casaruralelmoli.com\" target=\"_blank\" rel=\"noopener\">www.casaruralelmoli.com<\/a> (d&#8217;ara endavant \u00abllocs web\u00bb ) s\u00f3n responsabilitat de Ramona Divins, i la informaci\u00f3 que es pugui demanar s&#8217;incorporar\u00e0 als seus sistemes de tractament.\t\t\t\t\t\t<\/div>\n\t\t\t\t<\/div>\n\t\t\t\t<div class=\"elementor-element elementor-element-a1291f3 elementor-widget elementor-widget-spacer\" data-id=\"a1291f3\" data-element_type=\"widget\" data-widget_type=\"spacer.default\">\n\t\t\t\t<div class=\"elementor-widget-container\">\n\t\t\t\t\t<div class=\"elementor-spacer\">\n\t\t\t<div class=\"elementor-spacer-inner\"><\/div>\n\t\t<\/div>\n\t\t\t\t<\/div>\n\t\t\t\t<\/div>\n\t\t\t\t\t<\/div>\n\t\t<\/div>\n\t\t\t\t\t<\/div>\n\t\t<\/section>\n\t\t\t\t<section class=\"elementor-section elementor-top-section elementor-element elementor-element-231778c elementor-section-boxed elementor-section-height-default elementor-section-height-default\" data-id=\"231778c\" data-element_type=\"section\">\n\t\t\t\t\t\t<div class=\"elementor-container elementor-column-gap-default\">\n\t\t\t\t\t<div class=\"elementor-column elementor-col-100 elementor-top-column elementor-element elementor-element-8320710\" data-id=\"8320710\" data-element_type=\"column\">\n\t\t\t<div class=\"elementor-widget-wrap elementor-element-populated\">\n\t\t\t\t\t\t<div class=\"elementor-element elementor-element-fe95a55 elementor-widget elementor-widget-heading\" data-id=\"fe95a55\" data-element_type=\"widget\" data-widget_type=\"heading.default\">\n\t\t\t\t<div class=\"elementor-widget-container\">\n\t\t\t<h6 class=\"elementor-heading-title elementor-size-default\">Persona responsable<\/h6>\t\t<\/div>\n\t\t\t\t<\/div>\n\t\t\t\t<div class=\"elementor-element elementor-element-f3057df elementor-widget elementor-widget-spacer\" data-id=\"f3057df\" data-element_type=\"widget\" data-widget_type=\"spacer.default\">\n\t\t\t\t<div class=\"elementor-widget-container\">\n\t\t\t\t\t<div class=\"elementor-spacer\">\n\t\t\t<div class=\"elementor-spacer-inner\"><\/div>\n\t\t<\/div>\n\t\t\t\t<\/div>\n\t\t\t\t<\/div>\n\t\t\t\t<div class=\"elementor-element elementor-element-41746b5 elementor-widget elementor-widget-text-editor\" data-id=\"41746b5\" data-element_type=\"widget\" data-widget_type=\"text-editor.default\">\n\t\t\t\t<div class=\"elementor-widget-container\">\n\t\t\t\t\t\t\t<p>La persona responsable de la protecci\u00f3 de dades \u00e9s qui s&#8217;encarrega del compliment de la normativa de protecci\u00f3 de dades; entre les seves funcions hi ha la de protegir les dades personals que hagi proporcionat a Ramona Divins. Si teniu qualsevol dubte, consulta o petici\u00f3 sobre el tema, podeu escriure a <a href=\"mailto:info@casaruralelmoli.com\" target=\"_blank\" rel=\"noopener\">info@casaruralelmoli.com<\/a>.<\/p>\n\t\t\t\t\t\t<\/div>\n\t\t\t\t<\/div>\n\t\t\t\t<div class=\"elementor-element elementor-element-478ac8a elementor-widget elementor-widget-spacer\" data-id=\"478ac8a\" data-element_type=\"widget\" data-widget_type=\"spacer.default\">\n\t\t\t\t<div class=\"elementor-widget-container\">\n\t\t\t\t\t<div class=\"elementor-spacer\">\n\t\t\t<div class=\"elementor-spacer-inner\"><\/div>\n\t\t<\/div>\n\t\t\t\t<\/div>\n\t\t\t\t<\/div>\n\t\t\t\t\t<\/div>\n\t\t<\/div>\n\t\t\t\t\t<\/div>\n\t\t<\/section>\n\t\t\t\t<section class=\"elementor-section elementor-top-section elementor-element elementor-element-ebdb9f5 elementor-section-boxed elementor-section-height-default elementor-section-height-default\" data-id=\"ebdb9f5\" data-element_type=\"section\">\n\t\t\t\t\t\t<div class=\"elementor-container elementor-column-gap-default\">\n\t\t\t\t\t<div class=\"elementor-column elementor-col-100 elementor-top-column elementor-element elementor-element-4576781\" data-id=\"4576781\" data-element_type=\"column\">\n\t\t\t<div class=\"elementor-widget-wrap elementor-element-populated\">\n\t\t\t\t\t\t<div class=\"elementor-element elementor-element-1dc628a elementor-widget elementor-widget-heading\" data-id=\"1dc628a\" data-element_type=\"widget\" data-widget_type=\"heading.default\">\n\t\t\t\t<div class=\"elementor-widget-container\">\n\t\t\t<h6 class=\"elementor-heading-title elementor-size-default\">Limitaci\u00f3 de responsabilitat<\/h6>\t\t<\/div>\n\t\t\t\t<\/div>\n\t\t\t\t<div class=\"elementor-element elementor-element-095753a elementor-widget elementor-widget-spacer\" data-id=\"095753a\" data-element_type=\"widget\" data-widget_type=\"spacer.default\">\n\t\t\t\t<div class=\"elementor-widget-container\">\n\t\t\t\t\t<div class=\"elementor-spacer\">\n\t\t\t<div class=\"elementor-spacer-inner\"><\/div>\n\t\t<\/div>\n\t\t\t\t<\/div>\n\t\t\t\t<\/div>\n\t\t\t\t<div class=\"elementor-element elementor-element-7a5cc9b elementor-widget elementor-widget-text-editor\" data-id=\"7a5cc9b\" data-element_type=\"widget\" data-widget_type=\"text-editor.default\">\n\t\t\t\t<div class=\"elementor-widget-container\">\n\t\t\t\t\t\t\t<p>Ramona Divins \u00e9s responsable \u00fanicament de la informaci\u00f3 que obt\u00e9 amb la sol\u00b7licitud pr\u00e8via dels usuaris dels seus llocs web, i no de cap altra informaci\u00f3 personal que de manera eventual aquests poguessin cedir, transmetre o facilitar mitjan\u00e7ant qualsevol altre mecanisme.<\/p>\n\t\t\t\t\t\t<\/div>\n\t\t\t\t<\/div>\n\t\t\t\t<div class=\"elementor-element elementor-element-94b378b elementor-widget elementor-widget-spacer\" data-id=\"94b378b\" data-element_type=\"widget\" data-widget_type=\"spacer.default\">\n\t\t\t\t<div class=\"elementor-widget-container\">\n\t\t\t\t\t<div class=\"elementor-spacer\">\n\t\t\t<div class=\"elementor-spacer-inner\"><\/div>\n\t\t<\/div>\n\t\t\t\t<\/div>\n\t\t\t\t<\/div>\n\t\t\t\t\t<\/div>\n\t\t<\/div>\n\t\t\t\t\t<\/div>\n\t\t<\/section>\n\t\t\t\t<section class=\"elementor-section elementor-top-section elementor-element elementor-element-fbf7d48 elementor-section-boxed elementor-section-height-default elementor-section-height-default\" data-id=\"fbf7d48\" data-element_type=\"section\">\n\t\t\t\t\t\t<div class=\"elementor-container elementor-column-gap-default\">\n\t\t\t\t\t<div class=\"elementor-column elementor-col-100 elementor-top-column elementor-element elementor-element-63d1458\" data-id=\"63d1458\" data-element_type=\"column\">\n\t\t\t<div class=\"elementor-widget-wrap elementor-element-populated\">\n\t\t\t\t\t\t<div class=\"elementor-element elementor-element-121bebd elementor-widget elementor-widget-heading\" data-id=\"121bebd\" data-element_type=\"widget\" data-widget_type=\"heading.default\">\n\t\t\t\t<div class=\"elementor-widget-container\">\n\t\t\t<h6 class=\"elementor-heading-title elementor-size-default\">Transpar\u00e8ncia<\/h6>\t\t<\/div>\n\t\t\t\t<\/div>\n\t\t\t\t<div class=\"elementor-element elementor-element-8769413 elementor-widget elementor-widget-spacer\" data-id=\"8769413\" data-element_type=\"widget\" data-widget_type=\"spacer.default\">\n\t\t\t\t<div class=\"elementor-widget-container\">\n\t\t\t\t\t<div class=\"elementor-spacer\">\n\t\t\t<div class=\"elementor-spacer-inner\"><\/div>\n\t\t<\/div>\n\t\t\t\t<\/div>\n\t\t\t\t<\/div>\n\t\t\t\t<div class=\"elementor-element elementor-element-7fedcd7 elementor-widget elementor-widget-text-editor\" data-id=\"7fedcd7\" data-element_type=\"widget\" data-widget_type=\"text-editor.default\">\n\t\t\t\t<div class=\"elementor-widget-container\">\n\t\t\t\t\t\t\t<p>Ramona Divins intenta proporcionar als interessats una informaci\u00f3 transparent i concisa, en un llenguatge clar i senzill, pel que fa tant a les condicions del tractament de les dades com a les respostes a l&#8217;exercici dels seus drets.<\/p>\n\t\t\t\t\t\t<\/div>\n\t\t\t\t<\/div>\n\t\t\t\t<div class=\"elementor-element elementor-element-5a46845 elementor-widget elementor-widget-spacer\" data-id=\"5a46845\" data-element_type=\"widget\" data-widget_type=\"spacer.default\">\n\t\t\t\t<div class=\"elementor-widget-container\">\n\t\t\t\t\t<div class=\"elementor-spacer\">\n\t\t\t<div class=\"elementor-spacer-inner\"><\/div>\n\t\t<\/div>\n\t\t\t\t<\/div>\n\t\t\t\t<\/div>\n\t\t\t\t\t<\/div>\n\t\t<\/div>\n\t\t\t\t\t<\/div>\n\t\t<\/section>\n\t\t\t\t<section class=\"elementor-section elementor-top-section elementor-element elementor-element-d2b5cac elementor-section-boxed elementor-section-height-default elementor-section-height-default\" data-id=\"d2b5cac\" data-element_type=\"section\">\n\t\t\t\t\t\t<div class=\"elementor-container elementor-column-gap-default\">\n\t\t\t\t\t<div class=\"elementor-column elementor-col-100 elementor-top-column elementor-element elementor-element-f8fd1c7\" data-id=\"f8fd1c7\" data-element_type=\"column\">\n\t\t\t<div class=\"elementor-widget-wrap elementor-element-populated\">\n\t\t\t\t\t\t<div class=\"elementor-element elementor-element-8e537ca elementor-widget elementor-widget-heading\" data-id=\"8e537ca\" data-element_type=\"widget\" data-widget_type=\"heading.default\">\n\t\t\t\t<div class=\"elementor-widget-container\">\n\t\t\t<h6 class=\"elementor-heading-title elementor-size-default\">Tractament i conservaci\u00f3 de les dades personals<\/h6>\t\t<\/div>\n\t\t\t\t<\/div>\n\t\t\t\t<div class=\"elementor-element elementor-element-57d5eb8 elementor-widget elementor-widget-spacer\" data-id=\"57d5eb8\" data-element_type=\"widget\" data-widget_type=\"spacer.default\">\n\t\t\t\t<div class=\"elementor-widget-container\">\n\t\t\t\t\t<div class=\"elementor-spacer\">\n\t\t\t<div class=\"elementor-spacer-inner\"><\/div>\n\t\t<\/div>\n\t\t\t\t<\/div>\n\t\t\t\t<\/div>\n\t\t\t\t<div class=\"elementor-element elementor-element-f70ed8a elementor-widget elementor-widget-text-editor\" data-id=\"f70ed8a\" data-element_type=\"widget\" data-widget_type=\"text-editor.default\">\n\t\t\t\t<div class=\"elementor-widget-container\">\n\t\t\t\t\t\t\tLa base que empara els tractaments indicats \u00e9s l&#8217;exist\u00e8ncia d&#8217;un inter\u00e8s leg\u00edtim: es considera que, com a interessats en els serveis de Ramona Divins, els usuaris donen el seu consentiment pel que fa a l&#8217;esmentat tractament de les dades personals i l&#8217;\u00fas de cookies als llocs Web.\r\n\r\nAix\u00f2 implica que:\r\n<ul>\r\n \t<li>Les dades seran conservades mentre perduri el consentiment dels usuaris, excepte en aquells casos en qu\u00e8 Ramona Divins estigui obligada legalment a conservar-los.<\/li>\r\n \t<li>D&#8217;acord amb els drets que els confereix la normativa vigent en protecci\u00f3 de dades, els usuaris podran adre\u00e7ar-se a l&#8217;autoritat de control competent per presentar la reclamaci\u00f3 que considerin oportuna, aix\u00ed com per exercitar els drets d&#8217;acc\u00e9s, rectificaci\u00f3, cancel\u00b7laci\u00f3 i Oposici\u00f3 (ARCO) pel que fa al tractament de les vostres dades de car\u00e0cter personal.<\/li>\r\n \t<li>Quan un usuari comuniqui a Ramona Divins que desitja deixar d&#8217;apar\u00e8ixer als seus fitxers, s&#8217;eliminaran totes les dades que no siguin estrictament necess\u00e0ries.<\/li>\r\n \t<li>Totes les dades es guarden als servidors de Ramona Divins o contractades per aquesta, en territori espanyol.<\/li>\r\n \t<li>El mer acc\u00e9s als llocs web, aix\u00ed com a qualsevol dels seus continguts i serveis, implica l&#8217;acceptaci\u00f3 sense reserves de la present pol\u00edtica de privadesa, tamb\u00e9 aplicable pr\u00e8viament a la possible contractaci\u00f3 dels serveis que Ramona Divins posi a disposici\u00f3 de els usuaris. Per tant, \u00e9s obligatori acceptar i complir aquesta pol\u00edtica de privadesa abans d&#8217;accedir als llocs web.<\/li>\r\n \t<li>L&#8217;usuari accepta que la navegaci\u00f3 pels llocs web comporta la recollida i el tractament de les seves dades als arxius de Ramona Divins. Perqu\u00e8 l&#8217;usuari sigui conscient de quina ser\u00e0 la informaci\u00f3 recopilada, com ser\u00e0 tractada i en quines circumst\u00e0ncies es comunicar\u00e0, Ramona Divins es compromet a actualitzar en aquesta p\u00e0gina els canvis que s&#8217;efectu\u00efn a la pol\u00edtica de privadesa, aix\u00ed com a anunciar-ho a qualsevol altre lloc que consideri apropiat.<\/li>\r\n<\/ul>\t\t\t\t\t\t<\/div>\n\t\t\t\t<\/div>\n\t\t\t\t<div class=\"elementor-element elementor-element-e37777d elementor-widget elementor-widget-spacer\" data-id=\"e37777d\" data-element_type=\"widget\" data-widget_type=\"spacer.default\">\n\t\t\t\t<div class=\"elementor-widget-container\">\n\t\t\t\t\t<div class=\"elementor-spacer\">\n\t\t\t<div class=\"elementor-spacer-inner\"><\/div>\n\t\t<\/div>\n\t\t\t\t<\/div>\n\t\t\t\t<\/div>\n\t\t\t\t\t<\/div>\n\t\t<\/div>\n\t\t\t\t\t<\/div>\n\t\t<\/section>\n\t\t\t\t<section class=\"elementor-section elementor-top-section elementor-element elementor-element-dc3dcc4 elementor-section-boxed elementor-section-height-default elementor-section-height-default\" data-id=\"dc3dcc4\" data-element_type=\"section\">\n\t\t\t\t\t\t<div class=\"elementor-container elementor-column-gap-default\">\n\t\t\t\t\t<div class=\"elementor-column elementor-col-100 elementor-top-column elementor-element elementor-element-2791292\" data-id=\"2791292\" data-element_type=\"column\">\n\t\t\t<div class=\"elementor-widget-wrap elementor-element-populated\">\n\t\t\t\t\t\t<div class=\"elementor-element elementor-element-ac23ee1 elementor-widget elementor-widget-heading\" data-id=\"ac23ee1\" data-element_type=\"widget\" data-widget_type=\"heading.default\">\n\t\t\t\t<div class=\"elementor-widget-container\">\n\t\t\t<h6 class=\"elementor-heading-title elementor-size-default\">Comunicaci\u00f3 a tercers<\/h6>\t\t<\/div>\n\t\t\t\t<\/div>\n\t\t\t\t<div class=\"elementor-element elementor-element-4f5b5fe elementor-widget elementor-widget-spacer\" data-id=\"4f5b5fe\" data-element_type=\"widget\" data-widget_type=\"spacer.default\">\n\t\t\t\t<div class=\"elementor-widget-container\">\n\t\t\t\t\t<div class=\"elementor-spacer\">\n\t\t\t<div class=\"elementor-spacer-inner\"><\/div>\n\t\t<\/div>\n\t\t\t\t<\/div>\n\t\t\t\t<\/div>\n\t\t\t\t<div class=\"elementor-element elementor-element-b3963b4 elementor-widget elementor-widget-text-editor\" data-id=\"b3963b4\" data-element_type=\"widget\" data-widget_type=\"text-editor.default\">\n\t\t\t\t<div class=\"elementor-widget-container\">\n\t\t\t\t\t\t\t<p>Ramona Divins no cedir\u00e0 les dades personals de l&#8217;usuari a tercers, excepte per obligaci\u00f3 legal o requeriment judicial.<\/p>\n\t\t\t\t\t\t<\/div>\n\t\t\t\t<\/div>\n\t\t\t\t<div class=\"elementor-element elementor-element-6aae6eb elementor-widget elementor-widget-spacer\" data-id=\"6aae6eb\" data-element_type=\"widget\" data-widget_type=\"spacer.default\">\n\t\t\t\t<div class=\"elementor-widget-container\">\n\t\t\t\t\t<div class=\"elementor-spacer\">\n\t\t\t<div class=\"elementor-spacer-inner\"><\/div>\n\t\t<\/div>\n\t\t\t\t<\/div>\n\t\t\t\t<\/div>\n\t\t\t\t\t<\/div>\n\t\t<\/div>\n\t\t\t\t\t<\/div>\n\t\t<\/section>\n\t\t\t\t<section class=\"elementor-section elementor-top-section elementor-element elementor-element-6b788bf elementor-section-boxed elementor-section-height-default elementor-section-height-default\" data-id=\"6b788bf\" data-element_type=\"section\">\n\t\t\t\t\t\t<div class=\"elementor-container elementor-column-gap-default\">\n\t\t\t\t\t<div class=\"elementor-column elementor-col-100 elementor-top-column elementor-element elementor-element-f28e3a2\" data-id=\"f28e3a2\" data-element_type=\"column\">\n\t\t\t<div class=\"elementor-widget-wrap elementor-element-populated\">\n\t\t\t\t\t\t<div class=\"elementor-element elementor-element-889788a elementor-widget elementor-widget-heading\" data-id=\"889788a\" data-element_type=\"widget\" data-widget_type=\"heading.default\">\n\t\t\t\t<div class=\"elementor-widget-container\">\n\t\t\t<h6 class=\"elementor-heading-title elementor-size-default\">Informaci\u00f3 sobre drets dels interessats i seguretat de la informaci\u00f3<\/h6>\t\t<\/div>\n\t\t\t\t<\/div>\n\t\t\t\t<div class=\"elementor-element elementor-element-ae36a98 elementor-widget elementor-widget-spacer\" data-id=\"ae36a98\" data-element_type=\"widget\" data-widget_type=\"spacer.default\">\n\t\t\t\t<div class=\"elementor-widget-container\">\n\t\t\t\t\t<div class=\"elementor-spacer\">\n\t\t\t<div class=\"elementor-spacer-inner\"><\/div>\n\t\t<\/div>\n\t\t\t\t<\/div>\n\t\t\t\t<\/div>\n\t\t\t\t<div class=\"elementor-element elementor-element-7561e4e elementor-widget elementor-widget-text-editor\" data-id=\"7561e4e\" data-element_type=\"widget\" data-widget_type=\"text-editor.default\">\n\t\t\t\t<div class=\"elementor-widget-container\">\n\t\t\t\t\t\t\t<p>D&#8217;acord amb all\u00f2 establert per l&#8217;article 32 del Reglament (UE) 2016\/679 del Parlament Europeu i del Consell, de 27 d&#8217;abril de 2016, relatiu a la protecci\u00f3 de les persones f\u00edsiques pel que fa al tractament de dades personals ja la lliure circulaci\u00f3 d&#8217;aquestes dades i pel qual es deroga la Directiva 95\/46\/CE (Reglament general de protecci\u00f3 de dades), Ramona Divins es compromet a adoptar les mesures t\u00e8cniques i organitzatives necess\u00e0ries per garantir la integritat, la confidencialitat i la disponibilitat dels dades de l&#8217;usuari tenint en compte els riscos que acompanyen el tractament.<\/p>\n<p>A m\u00e9s, en cas que l&#8217;usuari introdueixi dades als formularis dels llocs web de tercers, seran aquests \u00faltims, i no Ramona Divins, els responsables de les dades de car\u00e0cter personal i els que hauran d&#8217;adoptar les mesures t\u00e8cniques descrites al par\u00e0graf anterior.<\/p>\n\t\t\t\t\t\t<\/div>\n\t\t\t\t<\/div>\n\t\t\t\t<div class=\"elementor-element elementor-element-10d5863 elementor-widget elementor-widget-spacer\" data-id=\"10d5863\" data-element_type=\"widget\" data-widget_type=\"spacer.default\">\n\t\t\t\t<div class=\"elementor-widget-container\">\n\t\t\t\t\t<div class=\"elementor-spacer\">\n\t\t\t<div class=\"elementor-spacer-inner\"><\/div>\n\t\t<\/div>\n\t\t\t\t<\/div>\n\t\t\t\t<\/div>\n\t\t\t\t\t<\/div>\n\t\t<\/div>\n\t\t\t\t\t<\/div>\n\t\t<\/section>\n\t\t\t\t<section class=\"elementor-section elementor-top-section elementor-element elementor-element-b1726f6 elementor-section-boxed elementor-section-height-default elementor-section-height-default\" data-id=\"b1726f6\" data-element_type=\"section\">\n\t\t\t\t\t\t<div class=\"elementor-container elementor-column-gap-default\">\n\t\t\t\t\t<div class=\"elementor-column elementor-col-100 elementor-top-column elementor-element elementor-element-0b80238\" data-id=\"0b80238\" data-element_type=\"column\">\n\t\t\t<div class=\"elementor-widget-wrap elementor-element-populated\">\n\t\t\t\t\t\t<div class=\"elementor-element elementor-element-0cb127a elementor-widget elementor-widget-heading\" data-id=\"0cb127a\" data-element_type=\"widget\" data-widget_type=\"heading.default\">\n\t\t\t\t<div class=\"elementor-widget-container\">\n\t\t\t<h6 class=\"elementor-heading-title elementor-size-default\">Drets ARCO<\/h6>\t\t<\/div>\n\t\t\t\t<\/div>\n\t\t\t\t<div class=\"elementor-element elementor-element-c35e5c9 elementor-widget elementor-widget-spacer\" data-id=\"c35e5c9\" data-element_type=\"widget\" data-widget_type=\"spacer.default\">\n\t\t\t\t<div class=\"elementor-widget-container\">\n\t\t\t\t\t<div class=\"elementor-spacer\">\n\t\t\t<div class=\"elementor-spacer-inner\"><\/div>\n\t\t<\/div>\n\t\t\t\t<\/div>\n\t\t\t\t<\/div>\n\t\t\t\t<div class=\"elementor-element elementor-element-6b320a8 elementor-widget elementor-widget-text-editor\" data-id=\"6b320a8\" data-element_type=\"widget\" data-widget_type=\"text-editor.default\">\n\t\t\t\t<div class=\"elementor-widget-container\">\n\t\t\t\t\t\t\tD&#8217;acord amb el cap\u00edtol 3 del RGPD, totes les persones poden exercir els drets d&#8217;acc\u00e9s, rectificaci\u00f3, cancel\u00b7laci\u00f3 i oposici\u00f3 (ARCO) amb relaci\u00f3 a les dades personals, de manera que totes les entitats estan obligades a garantir-ne el compliment. Aix\u00ed, pel que fa a Ramona Divins, a trav\u00e9s del canal d&#8217;atenci\u00f3 l&#8217;usuari pot exercitar\r\n<ul>\r\n \t<li>Dret d&#8217;acc\u00e9s: podeu consultar les vostres dades personals incloses en els nostres fitxers.<\/li>\r\n \t<li>Dret de Rectificaci\u00f3: podeu demanar-nos que modifiquem les vostres dades personals si s\u00f3n inexactes.<\/li>\r\n \t<li>Dret de cancel\u00b7laci\u00f3 o supressi\u00f3: ens pot demanar que eliminem les seves dades personals dels nostres fitxers.<\/li>\r\n \t<li>Dret d&#8217;Oposici\u00f3: podeu oposar-vos al tractament de les vostres dades personals per part de Ramona Divins, sempre que hi hagi un motiu leg\u00edtim i fonamentat per fer-ho.<\/li>\r\n<\/ul>\r\nL&#8217;usuari garanteix que les dades proporcionades s\u00f3n vertaderes, exactes, completes i actualitzades i \u00e9s responsable de qualsevol dany o perjudici, directe o indirecte, que es pugui ocasionar com a conseq\u00fc\u00e8ncia de l&#8217;incompliment d&#8217;aquesta obligaci\u00f3 tant a Ramona Divins com a tercers.\t\t\t\t\t\t<\/div>\n\t\t\t\t<\/div>\n\t\t\t\t<div class=\"elementor-element elementor-element-d4d3326 elementor-widget elementor-widget-spacer\" data-id=\"d4d3326\" data-element_type=\"widget\" data-widget_type=\"spacer.default\">\n\t\t\t\t<div class=\"elementor-widget-container\">\n\t\t\t\t\t<div class=\"elementor-spacer\">\n\t\t\t<div class=\"elementor-spacer-inner\"><\/div>\n\t\t<\/div>\n\t\t\t\t<\/div>\n\t\t\t\t<\/div>\n\t\t\t\t\t<\/div>\n\t\t<\/div>\n\t\t\t\t\t<\/div>\n\t\t<\/section>\n\t\t\t\t<section class=\"elementor-section elementor-top-section elementor-element elementor-element-06cb56b elementor-section-boxed elementor-section-height-default elementor-section-height-default\" data-id=\"06cb56b\" data-element_type=\"section\">\n\t\t\t\t\t\t<div class=\"elementor-container elementor-column-gap-default\">\n\t\t\t\t\t<div class=\"elementor-column elementor-col-100 elementor-top-column elementor-element elementor-element-990c638\" data-id=\"990c638\" data-element_type=\"column\">\n\t\t\t<div class=\"elementor-widget-wrap elementor-element-populated\">\n\t\t\t\t\t\t<div class=\"elementor-element elementor-element-ed773bd elementor-widget elementor-widget-heading\" data-id=\"ed773bd\" data-element_type=\"widget\" data-widget_type=\"heading.default\">\n\t\t\t\t<div class=\"elementor-widget-container\">\n\t\t\t<h6 class=\"elementor-heading-title elementor-size-default\">Consentiment per al compliment de la LSSI-CE<\/h6>\t\t<\/div>\n\t\t\t\t<\/div>\n\t\t\t\t<div class=\"elementor-element elementor-element-951eea6 elementor-widget elementor-widget-spacer\" data-id=\"951eea6\" data-element_type=\"widget\" data-widget_type=\"spacer.default\">\n\t\t\t\t<div class=\"elementor-widget-container\">\n\t\t\t\t\t<div class=\"elementor-spacer\">\n\t\t\t<div class=\"elementor-spacer-inner\"><\/div>\n\t\t<\/div>\n\t\t\t\t<\/div>\n\t\t\t\t<\/div>\n\t\t\t\t<div class=\"elementor-element elementor-element-c44529c elementor-widget elementor-widget-text-editor\" data-id=\"c44529c\" data-element_type=\"widget\" data-widget_type=\"text-editor.default\">\n\t\t\t\t<div class=\"elementor-widget-container\">\n\t\t\t\t\t\t\tEn compliment de la Llei 34\/2002, d&#8217;11 de juliol, de serveis de la societat de la informaci\u00f3 i de comer\u00e7 electr\u00f2nic (LSSI-CE), Ramona Divins sol\u00b7licitar\u00e0 a l&#8217;usuari el seu consentiment expr\u00e9s (i aquest, si aix\u00ed ho desitja, es ho prestar\u00e0) per poder fer \u00fas de les vostres dades per tal d&#8217;enviar-vos informaci\u00f3 sobre el lloc web i diferents ofertes i promocions relacionades.\r\n\r\nDins de cada comunicaci\u00f3 comercial de Ramona Divins es facilitar\u00e0 a l&#8217;usuari un enlla\u00e7 que us permetr\u00e0 revocar en qualsevol moment el vostre consentiment per rebre-les.\r\n\r\nAmb l&#8217;objectiu de garantir la seguretat i confidencialitat de les dades personals de l&#8217;usuari, Ramona Divins ha adoptat els nivells de seguretat requerits per la normativa en protecci\u00f3 de dades personals i ha instal\u00b7lat els mitjans t\u00e8cnics al seu abast per evitar la p\u00e8rdua, mal \u00fas, alteraci\u00f3, acc\u00e9s no autoritzat i robatori de les dades personals facilitades.\t\t\t\t\t\t<\/div>\n\t\t\t\t<\/div>\n\t\t\t\t<div class=\"elementor-element elementor-element-81db2db elementor-widget elementor-widget-spacer\" data-id=\"81db2db\" data-element_type=\"widget\" data-widget_type=\"spacer.default\">\n\t\t\t\t<div class=\"elementor-widget-container\">\n\t\t\t\t\t<div class=\"elementor-spacer\">\n\t\t\t<div class=\"elementor-spacer-inner\"><\/div>\n\t\t<\/div>\n\t\t\t\t<\/div>\n\t\t\t\t<\/div>\n\t\t\t\t\t<\/div>\n\t\t<\/div>\n\t\t\t\t\t<\/div>\n\t\t<\/section>\n\t\t\t\t<\/div>\n\t\t","protected":false},"excerpt":{"rendered":"<p>Pol\u00edtica de privadesa Introducci\u00f3 A continuaci\u00f3 us informem de la pol\u00edtica de privadesa de Ramona Divins, d&#8217;acord amb la normativa del Reglament (UE) 2016\/679 del Parlament Europeu i del Consell, de 27 d&#8217;abril de 2016, relatiu a la protecci\u00f3 de &hellip; <a href=\"https:\/\/www.casaruralelmoli.com\/ca\/politica-de-privadesa\/\">Read More<\/a><\/p>\n","protected":false},"author":1,"featured_media":0,"parent":0,"menu_order":0,"comment_status":"closed","ping_status":"closed","template":"","meta":{"footnotes":""},"class_list":["post-1178","page","type-page","status-publish","hentry"],"yoast_head":"<!-- This site is optimized with the Yoast SEO plugin v27.2 - https:\/\/yoast.com\/product\/yoast-seo-wordpress\/ -->\n<title>Pol\u00edtica de privadesa - Casa Rural el Mol\u00ed de Montany\u00e0<\/title>\n<meta name=\"robots\" content=\"index, follow, max-snippet:-1, max-image-preview:large, max-video-preview:-1\" \/>\n<link rel=\"canonical\" href=\"https:\/\/www.casaruralelmoli.com\/ca\/politica-de-privadesa\/\" \/>\n<meta property=\"og:locale\" content=\"ca_ES\" \/>\n<meta property=\"og:type\" content=\"article\" \/>\n<meta property=\"og:title\" content=\"Pol\u00edtica de privadesa - Casa Rural el Mol\u00ed de Montany\u00e0\" \/>\n<meta property=\"og:description\" content=\"Pol\u00edtica de privadesa Introducci\u00f3 A continuaci\u00f3 us informem de la pol\u00edtica de privadesa de Ramona Divins, d&#8217;acord amb la normativa del Reglament (UE) 2016\/679 del Parlament Europeu i del Consell, de 27 d&#8217;abril de 2016, relatiu a la protecci\u00f3 de &hellip; Read More\" \/>\n<meta property=\"og:url\" content=\"https:\/\/www.casaruralelmoli.com\/ca\/politica-de-privadesa\/\" \/>\n<meta property=\"og:site_name\" content=\"Casa Rural el Mol\u00ed de Montany\u00e0\" \/>\n<meta property=\"article:modified_time\" content=\"2024-05-11T11:02:40+00:00\" \/>\n<meta name=\"twitter:card\" content=\"summary_large_image\" \/>\n<meta name=\"twitter:label1\" content=\"Temps estimat de lectura\" \/>\n\t<meta name=\"twitter:data1\" content=\"6 minuts\" \/>\n<script type=\"application\/ld+json\" class=\"yoast-schema-graph\">{\"@context\":\"https:\/\/schema.org\",\"@graph\":[{\"@type\":\"WebPage\",\"@id\":\"https:\/\/www.casaruralelmoli.com\/ca\/politica-de-privadesa\/\",\"url\":\"https:\/\/www.casaruralelmoli.com\/ca\/politica-de-privadesa\/\",\"name\":\"Pol\u00edtica de privadesa - Casa Rural el Mol\u00ed de Montany\u00e0\",\"isPartOf\":{\"@id\":\"https:\/\/www.casaruralelmoli.com\/ca\/#website\"},\"datePublished\":\"2024-04-15T16:00:19+00:00\",\"dateModified\":\"2024-05-11T11:02:40+00:00\",\"breadcrumb\":{\"@id\":\"https:\/\/www.casaruralelmoli.com\/ca\/politica-de-privadesa\/#breadcrumb\"},\"inLanguage\":\"ca\",\"potentialAction\":[{\"@type\":\"ReadAction\",\"target\":[\"https:\/\/www.casaruralelmoli.com\/ca\/politica-de-privadesa\/\"]}]},{\"@type\":\"BreadcrumbList\",\"@id\":\"https:\/\/www.casaruralelmoli.com\/ca\/politica-de-privadesa\/#breadcrumb\",\"itemListElement\":[{\"@type\":\"ListItem\",\"position\":1,\"name\":\"Portada\",\"item\":\"https:\/\/www.casaruralelmoli.com\/ca\/inici\/\"},{\"@type\":\"ListItem\",\"position\":2,\"name\":\"Pol\u00edtica de privadesa\"}]},{\"@type\":\"WebSite\",\"@id\":\"https:\/\/www.casaruralelmoli.com\/ca\/#website\",\"url\":\"https:\/\/www.casaruralelmoli.com\/ca\/\",\"name\":\"Casa Rural el Mol\u00ed de Montany\u00e0\",\"description\":\"\",\"publisher\":{\"@id\":\"https:\/\/www.casaruralelmoli.com\/ca\/#organization\"},\"potentialAction\":[{\"@type\":\"SearchAction\",\"target\":{\"@type\":\"EntryPoint\",\"urlTemplate\":\"https:\/\/www.casaruralelmoli.com\/ca\/?s={search_term_string}\"},\"query-input\":{\"@type\":\"PropertyValueSpecification\",\"valueRequired\":true,\"valueName\":\"search_term_string\"}}],\"inLanguage\":\"ca\"},{\"@type\":\"Organization\",\"@id\":\"https:\/\/www.casaruralelmoli.com\/ca\/#organization\",\"name\":\"Casa Rural el Mol\u00ed de Montany\u00e0\",\"url\":\"https:\/\/www.casaruralelmoli.com\/ca\/\",\"logo\":{\"@type\":\"ImageObject\",\"inLanguage\":\"ca\",\"@id\":\"https:\/\/www.casaruralelmoli.com\/ca\/#\/schema\/logo\/image\/\",\"url\":\"https:\/\/www.casaruralelmoli.com\/wp-content\/uploads\/2021\/10\/Logo_black_600x246-e1621351393118.png\",\"contentUrl\":\"https:\/\/www.casaruralelmoli.com\/wp-content\/uploads\/2021\/10\/Logo_black_600x246-e1621351393118.png\",\"width\":250,\"height\":103,\"caption\":\"Casa Rural el Mol\u00ed de Montany\u00e0\"},\"image\":{\"@id\":\"https:\/\/www.casaruralelmoli.com\/ca\/#\/schema\/logo\/image\/\"}}]}<\/script>\n<!-- \/ Yoast SEO plugin. -->","yoast_head_json":{"title":"Pol\u00edtica de privadesa - Casa Rural el Mol\u00ed de Montany\u00e0","robots":{"index":"index","follow":"follow","max-snippet":"max-snippet:-1","max-image-preview":"max-image-preview:large","max-video-preview":"max-video-preview:-1"},"canonical":"https:\/\/www.casaruralelmoli.com\/ca\/politica-de-privadesa\/","og_locale":"ca_ES","og_type":"article","og_title":"Pol\u00edtica de privadesa - Casa Rural el Mol\u00ed de Montany\u00e0","og_description":"Pol\u00edtica de privadesa Introducci\u00f3 A continuaci\u00f3 us informem de la pol\u00edtica de privadesa de Ramona Divins, d&#8217;acord amb la normativa del Reglament (UE) 2016\/679 del Parlament Europeu i del Consell, de 27 d&#8217;abril de 2016, relatiu a la protecci\u00f3 de &hellip; Read More","og_url":"https:\/\/www.casaruralelmoli.com\/ca\/politica-de-privadesa\/","og_site_name":"Casa Rural el Mol\u00ed de Montany\u00e0","article_modified_time":"2024-05-11T11:02:40+00:00","twitter_card":"summary_large_image","twitter_misc":{"Temps estimat de lectura":"6 minuts"},"schema":{"@context":"https:\/\/schema.org","@graph":[{"@type":"WebPage","@id":"https:\/\/www.casaruralelmoli.com\/ca\/politica-de-privadesa\/","url":"https:\/\/www.casaruralelmoli.com\/ca\/politica-de-privadesa\/","name":"Pol\u00edtica de privadesa - Casa Rural el Mol\u00ed de Montany\u00e0","isPartOf":{"@id":"https:\/\/www.casaruralelmoli.com\/ca\/#website"},"datePublished":"2024-04-15T16:00:19+00:00","dateModified":"2024-05-11T11:02:40+00:00","breadcrumb":{"@id":"https:\/\/www.casaruralelmoli.com\/ca\/politica-de-privadesa\/#breadcrumb"},"inLanguage":"ca","potentialAction":[{"@type":"ReadAction","target":["https:\/\/www.casaruralelmoli.com\/ca\/politica-de-privadesa\/"]}]},{"@type":"BreadcrumbList","@id":"https:\/\/www.casaruralelmoli.com\/ca\/politica-de-privadesa\/#breadcrumb","itemListElement":[{"@type":"ListItem","position":1,"name":"Portada","item":"https:\/\/www.casaruralelmoli.com\/ca\/inici\/"},{"@type":"ListItem","position":2,"name":"Pol\u00edtica de privadesa"}]},{"@type":"WebSite","@id":"https:\/\/www.casaruralelmoli.com\/ca\/#website","url":"https:\/\/www.casaruralelmoli.com\/ca\/","name":"Casa Rural el Mol\u00ed de Montany\u00e0","description":"","publisher":{"@id":"https:\/\/www.casaruralelmoli.com\/ca\/#organization"},"potentialAction":[{"@type":"SearchAction","target":{"@type":"EntryPoint","urlTemplate":"https:\/\/www.casaruralelmoli.com\/ca\/?s={search_term_string}"},"query-input":{"@type":"PropertyValueSpecification","valueRequired":true,"valueName":"search_term_string"}}],"inLanguage":"ca"},{"@type":"Organization","@id":"https:\/\/www.casaruralelmoli.com\/ca\/#organization","name":"Casa Rural el Mol\u00ed de Montany\u00e0","url":"https:\/\/www.casaruralelmoli.com\/ca\/","logo":{"@type":"ImageObject","inLanguage":"ca","@id":"https:\/\/www.casaruralelmoli.com\/ca\/#\/schema\/logo\/image\/","url":"https:\/\/www.casaruralelmoli.com\/wp-content\/uploads\/2021\/10\/Logo_black_600x246-e1621351393118.png","contentUrl":"https:\/\/www.casaruralelmoli.com\/wp-content\/uploads\/2021\/10\/Logo_black_600x246-e1621351393118.png","width":250,"height":103,"caption":"Casa Rural el Mol\u00ed de Montany\u00e0"},"image":{"@id":"https:\/\/www.casaruralelmoli.com\/ca\/#\/schema\/logo\/image\/"}}]}},"_links":{"self":[{"href":"https:\/\/www.casaruralelmoli.com\/ca\/wp-json\/wp\/v2\/pages\/1178","targetHints":{"allow":["GET"]}}],"collection":[{"href":"https:\/\/www.casaruralelmoli.com\/ca\/wp-json\/wp\/v2\/pages"}],"about":[{"href":"https:\/\/www.casaruralelmoli.com\/ca\/wp-json\/wp\/v2\/types\/page"}],"author":[{"embeddable":true,"href":"https:\/\/www.casaruralelmoli.com\/ca\/wp-json\/wp\/v2\/users\/1"}],"replies":[{"embeddable":true,"href":"https:\/\/www.casaruralelmoli.com\/ca\/wp-json\/wp\/v2\/comments?post=1178"}],"version-history":[{"count":1,"href":"https:\/\/www.casaruralelmoli.com\/ca\/wp-json\/wp\/v2\/pages\/1178\/revisions"}],"predecessor-version":[{"id":1179,"href":"https:\/\/www.casaruralelmoli.com\/ca\/wp-json\/wp\/v2\/pages\/1178\/revisions\/1179"}],"wp:attachment":[{"href":"https:\/\/www.casaruralelmoli.com\/ca\/wp-json\/wp\/v2\/media?parent=1178"}],"curies":[{"name":"wp","href":"https:\/\/api.w.org\/{rel}","templated":true}]}}